{"id":10002941,"date":"2026-01-13T11:05:26","date_gmt":"2026-01-13T10:05:26","guid":{"rendered":"https:\/\/mdc1060.brussels\/?post_type=tribe_events&#038;p=16395"},"modified":"2026-01-13T11:46:38","modified_gmt":"2026-01-13T10:46:38","slug":"diners-networking-jeunes-bruxelles-umami","status":"publish","type":"tribe_events","link":"https:\/\/mdc1060.brussels\/nl\/event\/diners-networking-jeunes-bruxelles-umami\/2025-11-18\/","title":{"rendered":"Umami dinner | 13 janvier 2026"},"content":{"rendered":"<h1 data-start=\"515\" data-end=\"904\">D\u00eeners de networking pour les jeunes \u00e0 Bruxelles \u2013 UMAMI<\/h1>\n<p data-start=\"515\" data-end=\"904\">Les <strong data-start=\"519\" data-end=\"571\">d\u00eeners de networking pour les jeunes \u00e0 Bruxelles<\/strong> sign\u00e9s <strong data-start=\"579\" data-end=\"588\">UMAMI<\/strong> proposent un concept original : des soir\u00e9es <strong data-start=\"633\" data-end=\"679\">organis\u00e9es par les jeunes, pour les jeunes<\/strong>.<br data-start=\"680\" data-end=\"683\" \/>En collaboration avec la <strong data-start=\"708\" data-end=\"747\">Maison des Cultures de Saint-Gilles<\/strong>, le collectif <strong data-start=\"762\" data-end=\"771\">UMAMI<\/strong> r\u00e9unit chaque mois les jeunes les plus actifs et cr\u00e9atifs de la capitale pour un moment d\u2019\u00e9change, d\u2019inspiration et de convivialit\u00e9.<\/p>\n<p data-start=\"985\" data-end=\"1314\">Ces <strong data-start=\"989\" data-end=\"1041\">d\u00eeners de networking pour les jeunes \u00e0 Bruxelles<\/strong> rassemblent artistes, entrepreneur\u00b7euse\u00b7s, scientifiques et \u00e9tudiant\u00b7e\u00b7s autour d\u2019une m\u00eame table.<br data-start=\"1139\" data-end=\"1142\" \/>L\u2019objectif est simple : cr\u00e9er des liens authentiques, partager des id\u00e9es et <strong data-start=\"1218\" data-end=\"1260\">faire rayonner la jeunesse bruxelloise<\/strong> \u00e0 travers la culture, la gastronomie et l\u2019innovation.<\/p>\n<p data-start=\"985\" data-end=\"1314\"><strong data-start=\"1544\" data-end=\"1615\" style=\"font-size: 32px;\">Le d\u00e9roulement des d\u00eeners de networking pour les jeunes \u00e0 Bruxelles<\/strong><\/p>\n<p data-start=\"1616\" data-end=\"1921\">Chaque soir\u00e9e d\u00e9bute par <strong data-start=\"1641\" data-end=\"1666\">deux heures de drinks<\/strong> dans une ambiance d\u00e9tendue, accompagn\u00e9es d\u2019une <strong data-start=\"1714\" data-end=\"1743\">performance musicale live<\/strong> retransmise sur les r\u00e9seaux sociaux d\u2019UMAMI.<br data-start=\"1788\" data-end=\"1791\" \/>Puis, place \u00e0 un <strong data-start=\"1808\" data-end=\"1828\">d\u00eener d\u00e9connect\u00e9<\/strong>, o\u00f9 les t\u00e9l\u00e9phones sont mis de c\u00f4t\u00e9 afin de favoriser de vraies rencontres et conversations.<\/p>\n<p data-start=\"2237\" data-end=\"2572\">Chaque \u00e9dition accueille 15 jeunes invit\u00e9\u00b7e\u00b7s, qui pr\u00e9sentent ensuite une personne inspirante au groupe. Ce <strong data-start=\"2345\" data-end=\"2368\">cercle en expansion<\/strong> favorise les \u00e9changes, la collaboration et la <strong data-start=\"2415\" data-end=\"2448\">naissance de nouveaux projets<\/strong>.<br data-start=\"2449\" data-end=\"2452\" \/>UMAMI esp\u00e8re transformer ces soir\u00e9es en <strong data-start=\"2492\" data-end=\"2536\">plateforme de cr\u00e9ation et d\u2019opportunit\u00e9s<\/strong> pour les jeunes talents bruxellois.<\/p>\n<h3 data-start=\"2579\" data-end=\"2609\"><strong data-start=\"2583\" data-end=\"2609\">Regarder vers l\u2019avenir<\/strong><\/h3>\n<p data-start=\"2610\" data-end=\"2932\">UMAMI souhaite p\u00e9renniser ces <strong data-start=\"2640\" data-end=\"2692\">d\u00eeners de networking pour les jeunes \u00e0 Bruxelles<\/strong> en d\u00e9veloppant des <strong data-start=\"2712\" data-end=\"2767\">partenariats avec des restaurateurs et chefs locaux<\/strong>.<br data-start=\"2768\" data-end=\"2771\" \/>Ces soir\u00e9es nomades mettront en lumi\u00e8re <strong data-start=\"2811\" data-end=\"2868\">les lieux culturels et gastronomiques de Saint-Gilles<\/strong> tout en soutenant la cr\u00e9ativit\u00e9 et la diversit\u00e9 de la jeunesse.<\/p>\n<p>&nbsp;<\/p>\n<table><\/table>\n","protected":false},"excerpt":{"rendered":"<p>D\u00eeners de networking pour les jeunes \u00e0 Bruxelles \u2013 UMAMI Les d\u00eeners de networking pour les jeunes \u00e0 Bruxelles sign\u00e9s UMAMI proposent un concept original : des soir\u00e9es organis\u00e9es par les jeunes, pour les jeunes.En collaboration avec la Maison des Cultures de Saint-Gilles, le collectif UMAMI r\u00e9unit chaque mois les [&hellip;]<\/p>\n","protected":false},"author":5,"featured_media":16546,"template":"","meta":{"_tribe_events_status":"","_tribe_events_status_reason":"","_tribe_events_is_hybrid":"","_tribe_events_is_virtual":"","_tribe_events_virtual_video_source":"","_tribe_events_virtual_embed_video":"","_tribe_events_virtual_linked_button_text":"","_tribe_events_virtual_linked_button":"","_tribe_events_virtual_show_embed_at":"","_tribe_events_virtual_show_embed_to":[],"_tribe_events_virtual_show_on_event":"","_tribe_events_virtual_show_on_views":"","_tribe_events_virtual_url":"","footnotes":""},"tags":[312,404,405,402,403],"tribe_events_cat":[61],"class_list":["post-10002941","tribe_events","type-tribe_events","status-publish","has-post-thumbnail","hentry","tag-artiste","tag-diner","tag-networking","tag-umami","tag-umami-dinners","tribe_events_cat-rencontres","cat_rencontres","tribe-recurring-event","tribe-recurring-event-parent"],"yoast_head":"<!-- This site is optimized with the Yoast SEO plugin v26.3 - https:\/\/yoast.com\/wordpress\/plugins\/seo\/ -->\n<title>D\u00eeners de networking pour les jeunes \u00e0 Bruxelles \u2013 UMAMI<\/title>\n<meta name=\"description\" content=\"Les d\u00eeners de networking pour les jeunes d\u2019UMAMI rassemblent chaque mois la jeunesse bruxelloise autour d\u2019un d\u00eener inspirant et convivial.\" \/>\n<meta name=\"robots\" content=\"index, follow, max-snippet:-1, max-image-preview:large, max-video-preview:-1\" \/>\n<link rel=\"canonical\" href=\"https:\/\/mdc1060.brussels\/nl\/event\/diners-networking-jeunes-bruxelles-umami\/2025-11-18\/\" \/>\n<meta property=\"og:locale\" content=\"nl_NL\" \/>\n<meta property=\"og:type\" content=\"article\" \/>\n<meta property=\"og:title\" content=\"D\u00eeners de networking pour les jeunes \u00e0 Bruxelles \u2013 UMAMI\" \/>\n<meta property=\"og:description\" content=\"Les d\u00eeners de networking pour les jeunes d\u2019UMAMI rassemblent chaque mois la jeunesse bruxelloise autour d\u2019un d\u00eener inspirant et convivial.\" \/>\n<meta property=\"og:url\" content=\"https:\/\/mdc1060.brussels\/nl\/event\/diners-networking-jeunes-bruxelles-umami\/2025-11-18\/\" \/>\n<meta property=\"og:site_name\" content=\"Maison des Cultures de Saint-Gilles\" \/>\n<meta property=\"article:publisher\" content=\"https:\/\/www.facebook.com\/Maisondesculturesdesaintgilles\" \/>\n<meta property=\"article:modified_time\" content=\"2026-01-13T10:46:38+00:00\" \/>\n<meta property=\"og:image\" content=\"https:\/\/mdc1060.brussels\/wp-content\/uploads\/2025\/11\/Capture-decran-2025-11-12-110312.jpg\" \/>\n\t<meta property=\"og:image:width\" content=\"1028\" \/>\n\t<meta property=\"og:image:height\" content=\"1030\" \/>\n\t<meta property=\"og:image:type\" content=\"image\/jpeg\" \/>\n<meta name=\"twitter:card\" content=\"summary_large_image\" \/>\n<meta name=\"twitter:label1\" content=\"Geschatte leestijd\" \/>\n\t<meta name=\"twitter:data1\" content=\"2 minuten\" \/>\n<script type=\"application\/ld+json\" class=\"yoast-schema-graph\">{\"@context\":\"https:\/\/schema.org\",\"@graph\":[{\"@type\":\"WebPage\",\"@id\":\"https:\/\/mdc1060.brussels\/nl\/event\/diners-networking-jeunes-bruxelles-umami\/2025-11-18\/\",\"url\":\"https:\/\/mdc1060.brussels\/nl\/event\/diners-networking-jeunes-bruxelles-umami\/2025-11-18\/\",\"name\":\"D\u00eeners de networking pour les jeunes \u00e0 Bruxelles \u2013 UMAMI\",\"isPartOf\":{\"@id\":\"https:\/\/mdc1060.brussels\/nl\/#website\"},\"primaryImageOfPage\":{\"@id\":\"https:\/\/mdc1060.brussels\/nl\/event\/diners-networking-jeunes-bruxelles-umami\/2025-11-18\/#primaryimage\"},\"image\":{\"@id\":\"https:\/\/mdc1060.brussels\/nl\/event\/diners-networking-jeunes-bruxelles-umami\/2025-11-18\/#primaryimage\"},\"thumbnailUrl\":\"https:\/\/mdc1060.brussels\/wp-content\/uploads\/2025\/11\/Image1.jpg\",\"datePublished\":\"2026-01-13T10:05:26+00:00\",\"dateModified\":\"2026-01-13T10:46:38+00:00\",\"description\":\"Les d\u00eeners de networking pour les jeunes d\u2019UMAMI rassemblent chaque mois la jeunesse bruxelloise autour d\u2019un d\u00eener inspirant et convivial.\",\"breadcrumb\":{\"@id\":\"https:\/\/mdc1060.brussels\/nl\/event\/diners-networking-jeunes-bruxelles-umami\/2025-11-18\/#breadcrumb\"},\"inLanguage\":\"nl-NL\",\"potentialAction\":[{\"@type\":\"ReadAction\",\"target\":[\"https:\/\/mdc1060.brussels\/nl\/event\/diners-networking-jeunes-bruxelles-umami\/2025-11-18\/\"]}]},{\"@type\":\"ImageObject\",\"inLanguage\":\"nl-NL\",\"@id\":\"https:\/\/mdc1060.brussels\/nl\/event\/diners-networking-jeunes-bruxelles-umami\/2025-11-18\/#primaryimage\",\"url\":\"https:\/\/mdc1060.brussels\/wp-content\/uploads\/2025\/11\/Image1.jpg\",\"contentUrl\":\"https:\/\/mdc1060.brussels\/wp-content\/uploads\/2025\/11\/Image1.jpg\",\"width\":604,\"height\":604},{\"@type\":\"BreadcrumbList\",\"@id\":\"https:\/\/mdc1060.brussels\/nl\/event\/diners-networking-jeunes-bruxelles-umami\/2025-11-18\/#breadcrumb\",\"itemListElement\":[{\"@type\":\"ListItem\",\"position\":1,\"name\":\"Accueil\",\"item\":\"https:\/\/mdc1060.brussels\/nl\/\"},{\"@type\":\"ListItem\",\"position\":2,\"name\":\"Evenementen\",\"item\":\"https:\/\/mdc1060.brussels\/nl\/events\/\"},{\"@type\":\"ListItem\",\"position\":3,\"name\":\"Umami dinner\"}]},{\"@type\":\"WebSite\",\"@id\":\"https:\/\/mdc1060.brussels\/nl\/#website\",\"url\":\"https:\/\/mdc1060.brussels\/nl\/\",\"name\":\"Maison des Cultures de Saint-Gilles\",\"description\":\"Concerts, th\u00e9\u00e2tre, danse, cirque, r\u00e9sidences, expos, ateliers, stages...\",\"potentialAction\":[{\"@type\":\"SearchAction\",\"target\":{\"@type\":\"EntryPoint\",\"urlTemplate\":\"https:\/\/mdc1060.brussels\/nl\/?s={search_term_string}\"},\"query-input\":{\"@type\":\"PropertyValueSpecification\",\"valueRequired\":true,\"valueName\":\"search_term_string\"}}],\"inLanguage\":\"nl-NL\"}]}<\/script>\n<!-- \/ Yoast SEO plugin. -->","yoast_head_json":{"title":"D\u00eeners de networking pour les jeunes \u00e0 Bruxelles \u2013 UMAMI","description":"Les d\u00eeners de networking pour les jeunes d\u2019UMAMI rassemblent chaque mois la jeunesse bruxelloise autour d\u2019un d\u00eener inspirant et convivial.","robots":{"index":"index","follow":"follow","max-snippet":"max-snippet:-1","max-image-preview":"max-image-preview:large","max-video-preview":"max-video-preview:-1"},"canonical":"https:\/\/mdc1060.brussels\/nl\/event\/diners-networking-jeunes-bruxelles-umami\/2025-11-18\/","og_locale":"nl_NL","og_type":"article","og_title":"D\u00eeners de networking pour les jeunes \u00e0 Bruxelles \u2013 UMAMI","og_description":"Les d\u00eeners de networking pour les jeunes d\u2019UMAMI rassemblent chaque mois la jeunesse bruxelloise autour d\u2019un d\u00eener inspirant et convivial.","og_url":"https:\/\/mdc1060.brussels\/nl\/event\/diners-networking-jeunes-bruxelles-umami\/2025-11-18\/","og_site_name":"Maison des Cultures de Saint-Gilles","article_publisher":"https:\/\/www.facebook.com\/Maisondesculturesdesaintgilles","article_modified_time":"2026-01-13T10:46:38+00:00","og_image":[{"width":1028,"height":1030,"url":"https:\/\/mdc1060.brussels\/wp-content\/uploads\/2025\/11\/Capture-decran-2025-11-12-110312.jpg","type":"image\/jpeg"}],"twitter_card":"summary_large_image","twitter_misc":{"Geschatte leestijd":"2 minuten"},"schema":{"@context":"https:\/\/schema.org","@graph":[{"@type":"WebPage","@id":"https:\/\/mdc1060.brussels\/nl\/event\/diners-networking-jeunes-bruxelles-umami\/2025-11-18\/","url":"https:\/\/mdc1060.brussels\/nl\/event\/diners-networking-jeunes-bruxelles-umami\/2025-11-18\/","name":"D\u00eeners de networking pour les jeunes \u00e0 Bruxelles \u2013 UMAMI","isPartOf":{"@id":"https:\/\/mdc1060.brussels\/nl\/#website"},"primaryImageOfPage":{"@id":"https:\/\/mdc1060.brussels\/nl\/event\/diners-networking-jeunes-bruxelles-umami\/2025-11-18\/#primaryimage"},"image":{"@id":"https:\/\/mdc1060.brussels\/nl\/event\/diners-networking-jeunes-bruxelles-umami\/2025-11-18\/#primaryimage"},"thumbnailUrl":"https:\/\/mdc1060.brussels\/wp-content\/uploads\/2025\/11\/Image1.jpg","datePublished":"2026-01-13T10:05:26+00:00","dateModified":"2026-01-13T10:46:38+00:00","description":"Les d\u00eeners de networking pour les jeunes d\u2019UMAMI rassemblent chaque mois la jeunesse bruxelloise autour d\u2019un d\u00eener inspirant et convivial.","breadcrumb":{"@id":"https:\/\/mdc1060.brussels\/nl\/event\/diners-networking-jeunes-bruxelles-umami\/2025-11-18\/#breadcrumb"},"inLanguage":"nl-NL","potentialAction":[{"@type":"ReadAction","target":["https:\/\/mdc1060.brussels\/nl\/event\/diners-networking-jeunes-bruxelles-umami\/2025-11-18\/"]}]},{"@type":"ImageObject","inLanguage":"nl-NL","@id":"https:\/\/mdc1060.brussels\/nl\/event\/diners-networking-jeunes-bruxelles-umami\/2025-11-18\/#primaryimage","url":"https:\/\/mdc1060.brussels\/wp-content\/uploads\/2025\/11\/Image1.jpg","contentUrl":"https:\/\/mdc1060.brussels\/wp-content\/uploads\/2025\/11\/Image1.jpg","width":604,"height":604},{"@type":"BreadcrumbList","@id":"https:\/\/mdc1060.brussels\/nl\/event\/diners-networking-jeunes-bruxelles-umami\/2025-11-18\/#breadcrumb","itemListElement":[{"@type":"ListItem","position":1,"name":"Accueil","item":"https:\/\/mdc1060.brussels\/nl\/"},{"@type":"ListItem","position":2,"name":"Evenementen","item":"https:\/\/mdc1060.brussels\/nl\/events\/"},{"@type":"ListItem","position":3,"name":"Umami dinner"}]},{"@type":"WebSite","@id":"https:\/\/mdc1060.brussels\/nl\/#website","url":"https:\/\/mdc1060.brussels\/nl\/","name":"Maison des Cultures de Saint-Gilles","description":"Concerts, th\u00e9\u00e2tre, danse, cirque, r\u00e9sidences, expos, ateliers, stages...","potentialAction":[{"@type":"SearchAction","target":{"@type":"EntryPoint","urlTemplate":"https:\/\/mdc1060.brussels\/nl\/?s={search_term_string}"},"query-input":{"@type":"PropertyValueSpecification","valueRequired":true,"valueName":"search_term_string"}}],"inLanguage":"nl-NL"}]}},"_links":{"self":[{"href":"https:\/\/mdc1060.brussels\/nl\/wp-json\/wp\/v2\/tribe_events\/10002941","targetHints":{"allow":["GET"]}}],"collection":[{"href":"https:\/\/mdc1060.brussels\/nl\/wp-json\/wp\/v2\/tribe_events"}],"about":[{"href":"https:\/\/mdc1060.brussels\/nl\/wp-json\/wp\/v2\/types\/tribe_events"}],"author":[{"embeddable":true,"href":"https:\/\/mdc1060.brussels\/nl\/wp-json\/wp\/v2\/users\/5"}],"version-history":[{"count":0,"href":"https:\/\/mdc1060.brussels\/nl\/wp-json\/wp\/v2\/tribe_events\/10002941\/revisions"}],"wp:featuredmedia":[{"embeddable":true,"href":"https:\/\/mdc1060.brussels\/nl\/wp-json\/wp\/v2\/media\/16546"}],"wp:attachment":[{"href":"https:\/\/mdc1060.brussels\/nl\/wp-json\/wp\/v2\/media?parent=10002941"}],"wp:term":[{"taxonomy":"post_tag","embeddable":true,"href":"https:\/\/mdc1060.brussels\/nl\/wp-json\/wp\/v2\/tags?post=10002941"},{"taxonomy":"tribe_events_cat","embeddable":true,"href":"https:\/\/mdc1060.brussels\/nl\/wp-json\/wp\/v2\/tribe_events_cat?post=10002941"}],"curies":[{"name":"wp","href":"https:\/\/api.w.org\/{rel}","templated":true}]}}