{"id":16389,"date":"2025-11-12T10:45:38","date_gmt":"2025-11-12T09:45:38","guid":{"rendered":"https:\/\/mdc1060.brussels\/?post_type=tribe_events&#038;p=16389"},"modified":"2025-11-12T10:45:39","modified_gmt":"2025-11-12T09:45:39","slug":"experience-sociale-cobalt","status":"publish","type":"tribe_events","link":"https:\/\/mdc1060.brussels\/nl\/event\/experience-sociale-cobalt\/","title":{"rendered":"Le Collectif COBALT : une exp\u00e9rience sociale et artistique unique"},"content":{"rendered":"<h1 data-start=\"397\" data-end=\"682\">Exp\u00e9rience sociale COBALT : un projet artistique et participatif entre la RDC et la Belgique<\/h1>\n<p data-start=\"397\" data-end=\"682\">L\u2019<strong data-start=\"967\" data-end=\"996\">Exp\u00e9rience Sociale COBALT<\/strong> est un projet artistique et participatif cr\u00e9\u00e9 par le <strong data-start=\"1050\" data-end=\"1070\">Collectif COBALT<\/strong> en 2023. Inspir\u00e9e du livre <em data-start=\"1098\" data-end=\"1137\">\u00ab R\u00e9publique d\u00e9mocratique du COBALT \u00bb<\/em>, cette initiative met le public au c\u0153ur des r\u00e9alit\u00e9s v\u00e9cues par les communaut\u00e9s touch\u00e9es par les mines, entre la <strong data-start=\"1251\" data-end=\"1258\">RDC<\/strong> et la <strong data-start=\"1265\" data-end=\"1277\">Belgique<\/strong>.<\/p>\n<h3 data-start=\"684\" data-end=\"727\">Une immersion dans la r\u00e9alit\u00e9 mini\u00e8re<\/h3>\n<p data-start=\"729\" data-end=\"967\">Cette exp\u00e9rience immersive et participative invite le public \u00e0 se mettre dans la peau des communaut\u00e9s touch\u00e9es par les mines.<br data-start=\"862\" data-end=\"865\" \/>Elle m\u00eale fiction et r\u00e9alit\u00e9 pour questionner nos liens avec les ressources du sol africain.<\/p>\n<p data-start=\"969\" data-end=\"1252\">Des spectateurs complices interviennent aussi pour animer la s\u00e9ance. Gr\u00e2ce \u00e0 cela, les \u00e9changes deviennent plus vivants et plus profonds.<br data-start=\"1110\" data-end=\"1113\" \/>Ainsi, le projet favorise de vraies rencontres interculturelles et aide \u00e0 comprendre ce qui unit ou divise les acteurs concern\u00e9s.<\/p>\n<p data-start=\"1254\" data-end=\"1591\">De plus, l\u2019Exp\u00e9rience COBALT met en miroir le v\u00e9cu du public et la r\u00e9alit\u00e9 du terrain.<br data-start=\"1352\" data-end=\"1355\" \/>Chacun est amen\u00e9 \u00e0 r\u00e9fl\u00e9chir \u00e0 son r\u00f4le et \u00e0 sa responsabilit\u00e9 dans le syst\u00e8me global reliant la RDC et la Belgique.<br data-start=\"1483\" data-end=\"1486\" \/>Enfin, cette r\u00e9flexion se fait sans culpabiliser ni victimiser, pour encourager un dialogue ouvert.<\/p>\n<h3 data-start=\"1593\" data-end=\"1621\">Un projet en mouvement<\/h3>\n<p data-start=\"1623\" data-end=\"1713\">Depuis 2024, l\u2019Exp\u00e9rience Sociale COBALT a \u00e9t\u00e9 pr\u00e9sent\u00e9e dans des contextes vari\u00e9s :<\/p>\n<ul data-start=\"1714\" data-end=\"1830\">\n<li data-start=\"1714\" data-end=\"1732\">\n<p data-start=\"1716\" data-end=\"1732\">hautes \u00e9coles,<\/p>\n<\/li>\n<li data-start=\"1733\" data-end=\"1756\">\n<p data-start=\"1735\" data-end=\"1756\">\u00e9coles artistiques,<\/p>\n<\/li>\n<li data-start=\"1757\" data-end=\"1773\">\n<p data-start=\"1759\" data-end=\"1773\">universit\u00e9s,<\/p>\n<\/li>\n<li data-start=\"1774\" data-end=\"1788\">\n<p data-start=\"1776\" data-end=\"1788\">festivals,<\/p>\n<\/li>\n<li data-start=\"1789\" data-end=\"1830\">\n<p data-start=\"1791\" data-end=\"1830\">\u00e9v\u00e9nements institutionnels ou priv\u00e9s.<\/p>\n<\/li>\n<\/ul>\n<p data-start=\"1832\" data-end=\"2100\">Ainsi, le projet s\u2019est d\u00e9ploy\u00e9 en Belgique, en France et en R\u00e9publique d\u00e9mocratique du Congo.<br data-start=\"1937\" data-end=\"1940\" \/>Chaque nouvelle pr\u00e9sentation s\u2019adapte au public et enrichit la suivante.<br data-start=\"2012\" data-end=\"2015\" \/>Par ailleurs, ces \u00e9changes renforcent les liens culturels entre les continents.<\/p>\n<h3 data-start=\"2102\" data-end=\"2142\">Une formation \u00e0 Lubumbashi en 2025<\/h3>\n<p data-start=\"2144\" data-end=\"2417\">En juin 2025, AP et ses partenaires ont organis\u00e9 \u00e0 Lubumbashi une formation sur la m\u00e9diation culturelle.<br data-start=\"2256\" data-end=\"2259\" \/>Pendant plusieurs jours, une trentaine d\u2019artistes, d\u2019entrepreneurs, d\u2019\u00e9tudiants et d\u2019op\u00e9rateurs culturels ont particip\u00e9 \u00e0 des ateliers et \u00e0 des discussions.<\/p>\n<p data-start=\"2419\" data-end=\"2721\">L\u2019objectif \u00e9tait double : r\u00e9fl\u00e9chir au r\u00f4le de l\u2019artiste et soutenir l\u2019entrepreneuriat culturel dans la r\u00e9gion.<br data-start=\"2538\" data-end=\"2541\" \/>De plus, les participants ont partag\u00e9 leurs exp\u00e9riences et leurs id\u00e9es.<br data-start=\"2612\" data-end=\"2615\" \/>Ainsi, de nouvelles collaborations sont n\u00e9es et une r\u00e9elle envie de continuer ensemble a \u00e9merg\u00e9.<\/p>\n<p data-start=\"2723\" data-end=\"2912\">\u00c0 terme, le collectif souhaite d\u00e9velopper la m\u00e9diation culturelle entre l\u2019Europe et l\u2019Afrique.<br data-start=\"2821\" data-end=\"2824\" \/>Cela permettra de cr\u00e9er des ponts durables entre les artistes des deux continents.<\/p>\n<h3 data-start=\"2914\" data-end=\"2951\">Rejoignez-nous le 21 novembre !<\/h3>\n<p data-start=\"2953\" data-end=\"3187\">Le 21 novembre d\u00e8s 17h, rejoignez le Collectif COBALT pour d\u00e9couvrir la suite de ce projet afrop\u00e9en.<br data-start=\"3065\" data-end=\"3068\" \/>Apr\u00e8s une semaine de r\u00e9sidence \u00e0 la Maison des Cultures, le collectif proposera un ap\u00e9ro-rencontre convivial.<\/p>\n<p data-start=\"3189\" data-end=\"3366\">Ce moment sera l\u2019occasion d\u2019\u00e9changer autour du projet et de rencontrer les artistes.<br data-start=\"3273\" data-end=\"3276\" \/>Enfin, cette soir\u00e9e marquera une nouvelle \u00e9tape du projet, ouverte \u00e0 toutes et tous.<\/p>\n","protected":false},"excerpt":{"rendered":"<p>Exp\u00e9rience sociale COBALT : un projet artistique et participatif entre la RDC et la Belgique L\u2019Exp\u00e9rience Sociale COBALT est un projet artistique et participatif cr\u00e9\u00e9 par le Collectif COBALT en 2023. Inspir\u00e9e du livre \u00ab R\u00e9publique d\u00e9mocratique du COBALT \u00bb, cette initiative met le public au c\u0153ur des r\u00e9alit\u00e9s v\u00e9cues [&hellip;]<\/p>\n","protected":false},"author":5,"featured_media":16390,"template":"","meta":{"_tribe_events_status":"","_tribe_events_status_reason":"","_tribe_events_is_hybrid":"","_tribe_events_is_virtual":"","_tribe_events_virtual_video_source":"","_tribe_events_virtual_embed_video":"","_tribe_events_virtual_linked_button_text":"","_tribe_events_virtual_linked_button":"","_tribe_events_virtual_show_embed_at":"","_tribe_events_virtual_show_embed_to":[],"_tribe_events_virtual_show_on_event":"","_tribe_events_virtual_show_on_views":"","_tribe_events_virtual_url":"","footnotes":""},"tags":[390,400,388,392,397,396,398,387,395,391,399,389,394,393,401],"tribe_events_cat":[61],"class_list":["post-16389","tribe_events","type-tribe_events","status-publish","has-post-thumbnail","hentry","tag-art-et-societe","tag-arts-et-engagement","tag-collectif-cobalt","tag-creation-immersive","tag-dialogue-culturel","tag-enjeux-miniers","tag-entrepreneuriat-culturel","tag-experience-sociale-cobalt","tag-interculturalite","tag-mediation-culturelle","tag-projet-afropeen","tag-projet-artistique-participatif","tag-rdc-belgique","tag-republique-democratique-du-congo","tag-residence-artistique","tribe_events_cat-rencontres","cat_rencontres"],"yoast_head":"<!-- This site is optimized with the Yoast SEO plugin v26.3 - https:\/\/yoast.com\/wordpress\/plugins\/seo\/ -->\n<title>Le Collectif COBALT : une exp\u00e9rience sociale et artistique unique - Maison des Cultures de Saint-Gilles<\/title>\n<meta name=\"description\" content=\"D\u00e9couvrez l\u2019Exp\u00e9rience Sociale COBALT, un projet artistique et participatif reliant la RDC et la Belgique \u00e0 travers la cr\u00e9ation et le dialogue culturel.\" \/>\n<meta name=\"robots\" content=\"index, follow, max-snippet:-1, max-image-preview:large, max-video-preview:-1\" \/>\n<link rel=\"canonical\" href=\"https:\/\/mdc1060.brussels\/nl\/event\/experience-sociale-cobalt\/\" \/>\n<meta property=\"og:locale\" content=\"nl_NL\" \/>\n<meta property=\"og:type\" content=\"article\" \/>\n<meta property=\"og:title\" content=\"Le Collectif COBALT : une exp\u00e9rience sociale et artistique unique - Maison des Cultures de Saint-Gilles\" \/>\n<meta property=\"og:description\" content=\"D\u00e9couvrez l\u2019Exp\u00e9rience Sociale COBALT, un projet artistique et participatif reliant la RDC et la Belgique \u00e0 travers la cr\u00e9ation et le dialogue culturel.\" \/>\n<meta property=\"og:url\" content=\"https:\/\/mdc1060.brussels\/nl\/event\/experience-sociale-cobalt\/\" \/>\n<meta property=\"og:site_name\" content=\"Maison des Cultures de Saint-Gilles\" \/>\n<meta property=\"article:publisher\" content=\"https:\/\/www.facebook.com\/Maisondesculturesdesaintgilles\" \/>\n<meta property=\"article:modified_time\" content=\"2025-11-12T09:45:39+00:00\" \/>\n<meta property=\"og:image\" content=\"https:\/\/mdc1060.brussels\/wp-content\/uploads\/2025\/11\/Capture-decran-2025-11-12-103016.jpg\" \/>\n\t<meta property=\"og:image:width\" content=\"781\" \/>\n\t<meta property=\"og:image:height\" content=\"510\" \/>\n\t<meta property=\"og:image:type\" content=\"image\/jpeg\" \/>\n<meta name=\"twitter:card\" content=\"summary_large_image\" \/>\n<meta name=\"twitter:label1\" content=\"Geschatte leestijd\" \/>\n\t<meta name=\"twitter:data1\" content=\"3 minuten\" \/>\n<script type=\"application\/ld+json\" class=\"yoast-schema-graph\">{\"@context\":\"https:\/\/schema.org\",\"@graph\":[{\"@type\":\"WebPage\",\"@id\":\"https:\/\/mdc1060.brussels\/nl\/event\/experience-sociale-cobalt\/\",\"url\":\"https:\/\/mdc1060.brussels\/nl\/event\/experience-sociale-cobalt\/\",\"name\":\"Le Collectif COBALT : une exp\u00e9rience sociale et artistique unique - Maison des Cultures de Saint-Gilles\",\"isPartOf\":{\"@id\":\"https:\/\/mdc1060.brussels\/nl\/#website\"},\"primaryImageOfPage\":{\"@id\":\"https:\/\/mdc1060.brussels\/nl\/event\/experience-sociale-cobalt\/#primaryimage\"},\"image\":{\"@id\":\"https:\/\/mdc1060.brussels\/nl\/event\/experience-sociale-cobalt\/#primaryimage\"},\"thumbnailUrl\":\"https:\/\/mdc1060.brussels\/wp-content\/uploads\/2025\/11\/Capture-decran-2025-11-12-103016.jpg\",\"datePublished\":\"2025-11-12T09:45:38+00:00\",\"dateModified\":\"2025-11-12T09:45:39+00:00\",\"description\":\"D\u00e9couvrez l\u2019Exp\u00e9rience Sociale COBALT, un projet artistique et participatif reliant la RDC et la Belgique \u00e0 travers la cr\u00e9ation et le dialogue culturel.\",\"breadcrumb\":{\"@id\":\"https:\/\/mdc1060.brussels\/nl\/event\/experience-sociale-cobalt\/#breadcrumb\"},\"inLanguage\":\"nl-NL\",\"potentialAction\":[{\"@type\":\"ReadAction\",\"target\":[\"https:\/\/mdc1060.brussels\/nl\/event\/experience-sociale-cobalt\/\"]}]},{\"@type\":\"ImageObject\",\"inLanguage\":\"nl-NL\",\"@id\":\"https:\/\/mdc1060.brussels\/nl\/event\/experience-sociale-cobalt\/#primaryimage\",\"url\":\"https:\/\/mdc1060.brussels\/wp-content\/uploads\/2025\/11\/Capture-decran-2025-11-12-103016.jpg\",\"contentUrl\":\"https:\/\/mdc1060.brussels\/wp-content\/uploads\/2025\/11\/Capture-decran-2025-11-12-103016.jpg\",\"width\":781,\"height\":510},{\"@type\":\"BreadcrumbList\",\"@id\":\"https:\/\/mdc1060.brussels\/nl\/event\/experience-sociale-cobalt\/#breadcrumb\",\"itemListElement\":[{\"@type\":\"ListItem\",\"position\":1,\"name\":\"Accueil\",\"item\":\"https:\/\/mdc1060.brussels\/nl\/\"},{\"@type\":\"ListItem\",\"position\":2,\"name\":\"Evenementen\",\"item\":\"https:\/\/mdc1060.brussels\/nl\/events\/\"},{\"@type\":\"ListItem\",\"position\":3,\"name\":\"Le Collectif COBALT : une exp\u00e9rience sociale et artistique unique\"}]},{\"@type\":\"WebSite\",\"@id\":\"https:\/\/mdc1060.brussels\/nl\/#website\",\"url\":\"https:\/\/mdc1060.brussels\/nl\/\",\"name\":\"Maison des Cultures de Saint-Gilles\",\"description\":\"Concerts, th\u00e9\u00e2tre, danse, cirque, r\u00e9sidences, expos, ateliers, stages...\",\"potentialAction\":[{\"@type\":\"SearchAction\",\"target\":{\"@type\":\"EntryPoint\",\"urlTemplate\":\"https:\/\/mdc1060.brussels\/nl\/?s={search_term_string}\"},\"query-input\":{\"@type\":\"PropertyValueSpecification\",\"valueRequired\":true,\"valueName\":\"search_term_string\"}}],\"inLanguage\":\"nl-NL\"}]}<\/script>\n<!-- \/ Yoast SEO plugin. -->","yoast_head_json":{"title":"Le Collectif COBALT : une exp\u00e9rience sociale et artistique unique - Maison des Cultures de Saint-Gilles","description":"D\u00e9couvrez l\u2019Exp\u00e9rience Sociale COBALT, un projet artistique et participatif reliant la RDC et la Belgique \u00e0 travers la cr\u00e9ation et le dialogue culturel.","robots":{"index":"index","follow":"follow","max-snippet":"max-snippet:-1","max-image-preview":"max-image-preview:large","max-video-preview":"max-video-preview:-1"},"canonical":"https:\/\/mdc1060.brussels\/nl\/event\/experience-sociale-cobalt\/","og_locale":"nl_NL","og_type":"article","og_title":"Le Collectif COBALT : une exp\u00e9rience sociale et artistique unique - Maison des Cultures de Saint-Gilles","og_description":"D\u00e9couvrez l\u2019Exp\u00e9rience Sociale COBALT, un projet artistique et participatif reliant la RDC et la Belgique \u00e0 travers la cr\u00e9ation et le dialogue culturel.","og_url":"https:\/\/mdc1060.brussels\/nl\/event\/experience-sociale-cobalt\/","og_site_name":"Maison des Cultures de Saint-Gilles","article_publisher":"https:\/\/www.facebook.com\/Maisondesculturesdesaintgilles","article_modified_time":"2025-11-12T09:45:39+00:00","og_image":[{"width":781,"height":510,"url":"https:\/\/mdc1060.brussels\/wp-content\/uploads\/2025\/11\/Capture-decran-2025-11-12-103016.jpg","type":"image\/jpeg"}],"twitter_card":"summary_large_image","twitter_misc":{"Geschatte leestijd":"3 minuten"},"schema":{"@context":"https:\/\/schema.org","@graph":[{"@type":"WebPage","@id":"https:\/\/mdc1060.brussels\/nl\/event\/experience-sociale-cobalt\/","url":"https:\/\/mdc1060.brussels\/nl\/event\/experience-sociale-cobalt\/","name":"Le Collectif COBALT : une exp\u00e9rience sociale et artistique unique - Maison des Cultures de Saint-Gilles","isPartOf":{"@id":"https:\/\/mdc1060.brussels\/nl\/#website"},"primaryImageOfPage":{"@id":"https:\/\/mdc1060.brussels\/nl\/event\/experience-sociale-cobalt\/#primaryimage"},"image":{"@id":"https:\/\/mdc1060.brussels\/nl\/event\/experience-sociale-cobalt\/#primaryimage"},"thumbnailUrl":"https:\/\/mdc1060.brussels\/wp-content\/uploads\/2025\/11\/Capture-decran-2025-11-12-103016.jpg","datePublished":"2025-11-12T09:45:38+00:00","dateModified":"2025-11-12T09:45:39+00:00","description":"D\u00e9couvrez l\u2019Exp\u00e9rience Sociale COBALT, un projet artistique et participatif reliant la RDC et la Belgique \u00e0 travers la cr\u00e9ation et le dialogue culturel.","breadcrumb":{"@id":"https:\/\/mdc1060.brussels\/nl\/event\/experience-sociale-cobalt\/#breadcrumb"},"inLanguage":"nl-NL","potentialAction":[{"@type":"ReadAction","target":["https:\/\/mdc1060.brussels\/nl\/event\/experience-sociale-cobalt\/"]}]},{"@type":"ImageObject","inLanguage":"nl-NL","@id":"https:\/\/mdc1060.brussels\/nl\/event\/experience-sociale-cobalt\/#primaryimage","url":"https:\/\/mdc1060.brussels\/wp-content\/uploads\/2025\/11\/Capture-decran-2025-11-12-103016.jpg","contentUrl":"https:\/\/mdc1060.brussels\/wp-content\/uploads\/2025\/11\/Capture-decran-2025-11-12-103016.jpg","width":781,"height":510},{"@type":"BreadcrumbList","@id":"https:\/\/mdc1060.brussels\/nl\/event\/experience-sociale-cobalt\/#breadcrumb","itemListElement":[{"@type":"ListItem","position":1,"name":"Accueil","item":"https:\/\/mdc1060.brussels\/nl\/"},{"@type":"ListItem","position":2,"name":"Evenementen","item":"https:\/\/mdc1060.brussels\/nl\/events\/"},{"@type":"ListItem","position":3,"name":"Le Collectif COBALT : une exp\u00e9rience sociale et artistique unique"}]},{"@type":"WebSite","@id":"https:\/\/mdc1060.brussels\/nl\/#website","url":"https:\/\/mdc1060.brussels\/nl\/","name":"Maison des Cultures de Saint-Gilles","description":"Concerts, th\u00e9\u00e2tre, danse, cirque, r\u00e9sidences, expos, ateliers, stages...","potentialAction":[{"@type":"SearchAction","target":{"@type":"EntryPoint","urlTemplate":"https:\/\/mdc1060.brussels\/nl\/?s={search_term_string}"},"query-input":{"@type":"PropertyValueSpecification","valueRequired":true,"valueName":"search_term_string"}}],"inLanguage":"nl-NL"}]}},"_links":{"self":[{"href":"https:\/\/mdc1060.brussels\/nl\/wp-json\/wp\/v2\/tribe_events\/16389","targetHints":{"allow":["GET"]}}],"collection":[{"href":"https:\/\/mdc1060.brussels\/nl\/wp-json\/wp\/v2\/tribe_events"}],"about":[{"href":"https:\/\/mdc1060.brussels\/nl\/wp-json\/wp\/v2\/types\/tribe_events"}],"author":[{"embeddable":true,"href":"https:\/\/mdc1060.brussels\/nl\/wp-json\/wp\/v2\/users\/5"}],"version-history":[{"count":1,"href":"https:\/\/mdc1060.brussels\/nl\/wp-json\/wp\/v2\/tribe_events\/16389\/revisions"}],"predecessor-version":[{"id":16391,"href":"https:\/\/mdc1060.brussels\/nl\/wp-json\/wp\/v2\/tribe_events\/16389\/revisions\/16391"}],"wp:featuredmedia":[{"embeddable":true,"href":"https:\/\/mdc1060.brussels\/nl\/wp-json\/wp\/v2\/media\/16390"}],"wp:attachment":[{"href":"https:\/\/mdc1060.brussels\/nl\/wp-json\/wp\/v2\/media?parent=16389"}],"wp:term":[{"taxonomy":"post_tag","embeddable":true,"href":"https:\/\/mdc1060.brussels\/nl\/wp-json\/wp\/v2\/tags?post=16389"},{"taxonomy":"tribe_events_cat","embeddable":true,"href":"https:\/\/mdc1060.brussels\/nl\/wp-json\/wp\/v2\/tribe_events_cat?post=16389"}],"curies":[{"name":"wp","href":"https:\/\/api.w.org\/{rel}","templated":true}]}}