{"id":16405,"date":"2025-11-17T09:41:28","date_gmt":"2025-11-17T08:41:28","guid":{"rendered":"https:\/\/mdc1060.brussels\/?post_type=tribe_events&#038;p=16405"},"modified":"2025-11-17T09:47:29","modified_gmt":"2025-11-17T08:47:29","slug":"appel-artistes-musique-saint-gilles","status":"publish","type":"tribe_events","link":"https:\/\/mdc1060.brussels\/nl\/event\/appel-artistes-musique-saint-gilles\/","title":{"rendered":"Appel \u00e0 artistes musique Saint-Gilles \u2013 Sc\u00e8ne Ouverte 29 janvier 2026"},"content":{"rendered":"<p data-start=\"824\" data-end=\"1148\">L\u2019<strong data-start=\"826\" data-end=\"867\">appel \u00e0 artistes musique Saint-Gilles<\/strong> est officiellement lanc\u00e9 pour la Sc\u00e8ne Ouverte du <strong data-start=\"918\" data-end=\"937\">29 janvier 2026<\/strong>, organis\u00e9e par le label <strong data-start=\"962\" data-end=\"974\">INSTINCT<\/strong> et la <strong data-start=\"981\" data-end=\"1020\">Maison des Cultures de Saint-Gilles<\/strong>. Les artistes peuvent s\u2019inscrire jusqu\u2019au <strong data-start=\"1063\" data-end=\"1081\">4 janvier 2026<\/strong> pour tenter de monter sur sc\u00e8ne et pr\u00e9senter leur univers musical.<\/p>\n<hr data-start=\"1150\" data-end=\"1153\" \/>\n<h2 data-start=\"1155\" data-end=\"1208\">\ud83c\udfa4 Une Sc\u00e8ne Ouverte d\u00e9di\u00e9e aux artistes musique<\/h2>\n<p data-start=\"1209\" data-end=\"1486\">Cette sc\u00e8ne ouverte est un espace d\u2019expression musicale accessible \u00e0 tous : chanteur\u00b7euse\u00b7s, musicien\u00b7ne\u00b7s, beatmakers, groupes ou artistes \u00e9mergents.<br data-start=\"1359\" data-end=\"1362\" \/>L\u2019objectif est simple : offrir une plateforme professionnelle, bienveillante et locale \u00e0 la sc\u00e8ne musicale en d\u00e9veloppement.<\/p>\n<p data-start=\"1488\" data-end=\"1557\">\ud83d\udc49 Formulaire d\u2019inscription : <strong data-start=\"1518\" data-end=\"1557\"><a data-start=\"1520\" data-end=\"1555\" rel=\"noopener\" target=\"_new\" class=\"decorated-link\" href=\"https:\/\/forms.gle\/9DJYihCnhseqDyJF8\">https:\/\/forms.gle\/9DJYihCnhseqDyJF8<span aria-hidden=\"true\" class=\"ms-0.5 inline-block align-middle leading-none\"><svg width=\"20\" height=\"20\" viewbox=\"0 0 20 20\" fill=\"currentColor\" xmlns=\"http:\/\/www.w3.org\/2000\/svg\" data-rtl-flip=\"\" class=\"block h-[0.75em] w-[0.75em] stroke-current stroke-[0.75]\"><path d=\"M14.3349 13.3301V6.60645L5.47065 15.4707C5.21095 15.7304 4.78895 15.7304 4.52925 15.4707C4.26955 15.211 4.26955 14.789 4.52925 14.5293L13.3935 5.66504H6.66011C6.29284 5.66504 5.99507 5.36727 5.99507 5C5.99507 4.63273 6.29284 4.33496 6.66011 4.33496H14.9999L15.1337 4.34863C15.4369 4.41057 15.665 4.67857 15.665 5V13.3301C15.6649 13.6973 15.3672 13.9951 14.9999 13.9951C14.6327 13.9951 14.335 13.6973 14.3349 13.3301Z\"><\/path><\/svg><\/span><\/a><\/strong><\/p>\n<h2 data-start=\"1564\" data-end=\"1592\">\ud83d\udccd Informations pratiques<\/h2>\n<h3 data-start=\"1594\" data-end=\"1614\">\ud83d\uddd3\ufe0f Dates cl\u00e9s<\/h3>\n<ul data-start=\"1615\" data-end=\"1901\">\n<li data-start=\"1615\" data-end=\"1686\">\n<p data-start=\"1617\" data-end=\"1686\"><strong data-start=\"1617\" data-end=\"1635\">4 janvier 2026<\/strong> : fin de l\u2019appel \u00e0 artistes musique Saint-Gilles<\/p>\n<\/li>\n<li data-start=\"1687\" data-end=\"1769\">\n<p data-start=\"1689\" data-end=\"1769\"><strong data-start=\"1689\" data-end=\"1718\">Semaine du 8 janvier 2026<\/strong> : annonce des artistes s\u00e9lectionn\u00e9s par INSTINCT<\/p>\n<\/li>\n<li data-start=\"1770\" data-end=\"1835\">\n<p data-start=\"1772\" data-end=\"1835\"><strong data-start=\"1772\" data-end=\"1796\">19 \u2192 23 janvier 2026<\/strong> : stage gratuit de coaching sc\u00e9nique<\/p>\n<\/li>\n<li data-start=\"1836\" data-end=\"1901\">\n<p data-start=\"1838\" data-end=\"1901\"><strong data-start=\"1838\" data-end=\"1857\">29 janvier 2026<\/strong> : Sc\u00e8ne Ouverte (arriv\u00e9e 2h avant le d\u00e9but)<\/p>\n<\/li>\n<\/ul>\n<h3 data-start=\"1903\" data-end=\"1916\">\ud83d\udccc Lieu<\/h3>\n<p data-start=\"1917\" data-end=\"1993\">Maison des Cultures de Saint-Gilles<br data-start=\"1952\" data-end=\"1955\" \/>Rue de Belgrade 120, 1060 Saint-Gilles<\/p>\n<h2 data-start=\"2000\" data-end=\"2034\">\ud83c\udfb6 Mat\u00e9riel mis \u00e0 disposition<\/h2>\n<p>D\u00e9tails \u00e0 confirmer par Instinct.<\/p>\n<ul data-start=\"2035\" data-end=\"2134\">\n<li data-start=\"2035\" data-end=\"2055\">\n<p data-start=\"2037\" data-end=\"2055\">Piano \u00e9lectrique<\/p>\n<\/li>\n<li data-start=\"2056\" data-end=\"2134\">\n<p data-start=\"2058\" data-end=\"2134\">Micro(s)<br data-start=\"2066\" data-end=\"2069\" \/>Les artistes peuvent apporter leur propre mat\u00e9riel si n\u00e9cessaire.<\/p>\n<\/li>\n<\/ul>\n<h2 data-start=\"2141\" data-end=\"2173\">\ud83d\udcdd Engagements de l\u2019artiste<\/h2>\n<p data-start=\"2174\" data-end=\"2261\">En participant \u00e0 cet appel \u00e0 artistes musique Saint-Gilles, chaque artiste s\u2019engage \u00e0 :<\/p>\n<ul data-start=\"2263\" data-end=\"2474\">\n<li data-start=\"2263\" data-end=\"2352\">\n<p data-start=\"2265\" data-end=\"2352\">confirmer sa participation aupr\u00e8s d\u2019INSTINCT <strong data-start=\"2310\" data-end=\"2350\">avant le lundi pr\u00e9c\u00e9dent l\u2019\u00e9v\u00e9nement<\/strong><\/p>\n<\/li>\n<li data-start=\"2353\" data-end=\"2421\">\n<p data-start=\"2355\" data-end=\"2421\">arriver <strong data-start=\"2363\" data-end=\"2384\">au moins 2 heures<\/strong> avant le d\u00e9but de la sc\u00e8ne ouverte<\/p>\n<\/li>\n<li data-start=\"2422\" data-end=\"2474\">\n<p data-start=\"2424\" data-end=\"2474\">respecter l\u2019ordre de passage et le temps imparti<\/p>\n<\/li>\n<\/ul>\n<p data-start=\"2476\" data-end=\"2558\">\ud83c\udf9f\ufe0f Billetterie public :<br data-start=\"2500\" data-end=\"2503\" \/><a data-start=\"2503\" data-end=\"2558\" rel=\"noopener\" target=\"_new\" class=\"decorated-link\" href=\"https:\/\/www.billetweb.fr\/scenes-ouvertes-instinct-x-mdc\">https:\/\/www.billetweb.fr\/scenes-ouvertes-instinct-x-mdc<span aria-hidden=\"true\" class=\"ms-0.5 inline-block align-middle leading-none\"><svg width=\"20\" height=\"20\" viewbox=\"0 0 20 20\" fill=\"currentColor\" xmlns=\"http:\/\/www.w3.org\/2000\/svg\" data-rtl-flip=\"\" class=\"block h-[0.75em] w-[0.75em] stroke-current stroke-[0.75]\"><path d=\"M14.3349 13.3301V6.60645L5.47065 15.4707C5.21095 15.7304 4.78895 15.7304 4.52925 15.4707C4.26955 15.211 4.26955 14.789 4.52925 14.5293L13.3935 5.66504H6.66011C6.29284 5.66504 5.99507 5.36727 5.99507 5C5.99507 4.63273 6.29284 4.33496 6.66011 4.33496H14.9999L15.1337 4.34863C15.4369 4.41057 15.665 4.67857 15.665 5V13.3301C15.6649 13.6973 15.3672 13.9951 14.9999 13.9951C14.6327 13.9951 14.335 13.6973 14.3349 13.3301Z\"><\/path><\/svg><\/span><\/a><\/p>\n<p data-start=\"2560\" data-end=\"2633\">Les artistes peuvent venir accompagn\u00e9\u00b7e\u00b7s (famille, ami\u00b7e\u00b7s, musiciens\u2026).<\/p>\n<h2 data-start=\"2640\" data-end=\"2673\">\ud83c\udf1f Coaching sc\u00e9nique gratuit<\/h2>\n<p data-start=\"2674\" data-end=\"2808\">Pour pr\u00e9parer la sc\u00e8ne ouverte, la Maison des Cultures propose un <strong data-start=\"2740\" data-end=\"2778\">stage de coaching sc\u00e9nique gratuit<\/strong> du <strong data-start=\"2782\" data-end=\"2807\">19 au 23 janvier 2026<\/strong>.<\/p>\n<p data-start=\"2810\" data-end=\"2853\">Inscriptions : <strong data-start=\"2825\" data-end=\"2853\"><a data-start=\"2827\" data-end=\"2851\" class=\"decorated-link cursor-pointer\" rel=\"noopener\">mjaber@stgilles.brussels<\/a><\/strong><\/p>\n<h2 data-start=\"2860\" data-end=\"2896\">\u2757Pas s\u00e9lectionn\u00e9\u00b7e cette fois ?<\/h2>\n<p data-start=\"2897\" data-end=\"3103\">Aucune candidature n\u2019est perdue : INSTINCT et la Maison des Cultures organisent plusieurs sc\u00e8nes ouvertes et projets musicaux tout au long de l\u2019ann\u00e9e.<br data-start=\"3047\" data-end=\"3050\" \/>Tu pourras \u00eatre recontact\u00e9\u00b7e pour d\u2019autres occasions.<\/p>\n<h2 data-start=\"3110\" data-end=\"3139\">\ud83c\udfa7 Candidater maintenant<\/h2>\n<p data-start=\"3140\" data-end=\"3277\">\ud83d\udc49 Formulaire officiel pour l\u2019appel \u00e0 artistes musique Saint-Gilles (avant le 4 janvier 2026) :<br data-start=\"3235\" data-end=\"3238\" \/><strong data-start=\"3238\" data-end=\"3277\"><a data-start=\"3240\" data-end=\"3275\" rel=\"noopener\" target=\"_new\" class=\"decorated-link\" href=\"https:\/\/forms.gle\/9DJYihCnhseqDyJF8\">https:\/\/forms.gle\/9DJYihCnhseqDyJF8<\/a><\/strong><\/p>\n","protected":false},"excerpt":{"rendered":"<p>L\u2019appel \u00e0 artistes musique Saint-Gilles est officiellement lanc\u00e9 pour la Sc\u00e8ne Ouverte du 29 janvier 2026, organis\u00e9e par le label INSTINCT et la Maison des Cultures de Saint-Gilles. Les artistes peuvent s\u2019inscrire jusqu\u2019au 4 janvier 2026 pour tenter de monter sur sc\u00e8ne et pr\u00e9senter leur univers musical. \ud83c\udfa4 Une Sc\u00e8ne [&hellip;]<\/p>\n","protected":false},"author":5,"featured_media":16411,"template":"","meta":{"_tribe_events_status":"","_tribe_events_status_reason":"","_tribe_events_is_hybrid":"","_tribe_events_is_virtual":"","_tribe_events_virtual_video_source":"","_tribe_events_virtual_embed_video":"","_tribe_events_virtual_linked_button_text":"","_tribe_events_virtual_linked_button":"","_tribe_events_virtual_show_embed_at":"","_tribe_events_virtual_show_embed_to":[],"_tribe_events_virtual_show_on_event":"","_tribe_events_virtual_show_on_views":"","_tribe_events_virtual_url":"","footnotes":""},"tags":[406,307,255,306,299,298],"tribe_events_cat":[35],"class_list":["post-16405","tribe_events","type-tribe_events","status-publish","has-post-thumbnail","hentry","tag-appel-a-artistes","tag-instinct","tag-maison-des-cultures","tag-manzo","tag-musique","tag-scene-ouverte","tribe_events_cat-concerts","cat_concerts"],"yoast_head":"<!-- This site is optimized with the Yoast SEO plugin v26.3 - https:\/\/yoast.com\/wordpress\/plugins\/seo\/ -->\n<title>Appel \u00e0 artistes musique Saint-Gilles \u2013 Sc\u00e8ne Ouverte 29 janvier 2026 - Maison des Cultures de Saint-Gilles<\/title>\n<meta name=\"description\" content=\"Appel \u00e0 artistes musique Saint-Gilles : participe \u00e0 la Sc\u00e8ne Ouverte du 29 janvier 2026. Candidatures jusqu\u2019au 4 janvier.\" \/>\n<meta name=\"robots\" content=\"index, follow, max-snippet:-1, max-image-preview:large, max-video-preview:-1\" \/>\n<link rel=\"canonical\" href=\"https:\/\/mdc1060.brussels\/nl\/event\/appel-artistes-musique-saint-gilles\/\" \/>\n<meta property=\"og:locale\" content=\"nl_NL\" \/>\n<meta property=\"og:type\" content=\"article\" \/>\n<meta property=\"og:title\" content=\"Appel \u00e0 artistes musique Saint-Gilles \u2013 Sc\u00e8ne Ouverte 29 janvier 2026 - Maison des Cultures de Saint-Gilles\" \/>\n<meta property=\"og:description\" content=\"Appel \u00e0 artistes musique Saint-Gilles : participe \u00e0 la Sc\u00e8ne Ouverte du 29 janvier 2026. Candidatures jusqu\u2019au 4 janvier.\" \/>\n<meta property=\"og:url\" content=\"https:\/\/mdc1060.brussels\/nl\/event\/appel-artistes-musique-saint-gilles\/\" \/>\n<meta property=\"og:site_name\" content=\"Maison des Cultures de Saint-Gilles\" \/>\n<meta property=\"article:publisher\" content=\"https:\/\/www.facebook.com\/Maisondesculturesdesaintgilles\" \/>\n<meta property=\"article:modified_time\" content=\"2025-11-17T08:47:29+00:00\" \/>\n<meta property=\"og:image\" content=\"https:\/\/mdc1060.brussels\/wp-content\/uploads\/2025\/11\/Copie-de-visuel-umami-dinner-1.jpg\" \/>\n\t<meta property=\"og:image:width\" content=\"2048\" \/>\n\t<meta property=\"og:image:height\" content=\"2048\" \/>\n\t<meta property=\"og:image:type\" content=\"image\/jpeg\" \/>\n<meta name=\"twitter:card\" content=\"summary_large_image\" \/>\n<meta name=\"twitter:label1\" content=\"Geschatte leestijd\" \/>\n\t<meta name=\"twitter:data1\" content=\"2 minuten\" \/>\n<script type=\"application\/ld+json\" class=\"yoast-schema-graph\">{\"@context\":\"https:\/\/schema.org\",\"@graph\":[{\"@type\":\"WebPage\",\"@id\":\"https:\/\/mdc1060.brussels\/nl\/event\/appel-artistes-musique-saint-gilles\/\",\"url\":\"https:\/\/mdc1060.brussels\/nl\/event\/appel-artistes-musique-saint-gilles\/\",\"name\":\"Appel \u00e0 artistes musique Saint-Gilles \u2013 Sc\u00e8ne Ouverte 29 janvier 2026 - Maison des Cultures de Saint-Gilles\",\"isPartOf\":{\"@id\":\"https:\/\/mdc1060.brussels\/nl\/#website\"},\"primaryImageOfPage\":{\"@id\":\"https:\/\/mdc1060.brussels\/nl\/event\/appel-artistes-musique-saint-gilles\/#primaryimage\"},\"image\":{\"@id\":\"https:\/\/mdc1060.brussels\/nl\/event\/appel-artistes-musique-saint-gilles\/#primaryimage\"},\"thumbnailUrl\":\"https:\/\/mdc1060.brussels\/wp-content\/uploads\/2025\/11\/Copie-de-visuel-umami-dinner-1.jpg\",\"datePublished\":\"2025-11-17T08:41:28+00:00\",\"dateModified\":\"2025-11-17T08:47:29+00:00\",\"description\":\"Appel \u00e0 artistes musique Saint-Gilles : participe \u00e0 la Sc\u00e8ne Ouverte du 29 janvier 2026. Candidatures jusqu\u2019au 4 janvier.\",\"breadcrumb\":{\"@id\":\"https:\/\/mdc1060.brussels\/nl\/event\/appel-artistes-musique-saint-gilles\/#breadcrumb\"},\"inLanguage\":\"nl-NL\",\"potentialAction\":[{\"@type\":\"ReadAction\",\"target\":[\"https:\/\/mdc1060.brussels\/nl\/event\/appel-artistes-musique-saint-gilles\/\"]}]},{\"@type\":\"ImageObject\",\"inLanguage\":\"nl-NL\",\"@id\":\"https:\/\/mdc1060.brussels\/nl\/event\/appel-artistes-musique-saint-gilles\/#primaryimage\",\"url\":\"https:\/\/mdc1060.brussels\/wp-content\/uploads\/2025\/11\/Copie-de-visuel-umami-dinner-1.jpg\",\"contentUrl\":\"https:\/\/mdc1060.brussels\/wp-content\/uploads\/2025\/11\/Copie-de-visuel-umami-dinner-1.jpg\",\"width\":2048,\"height\":2048,\"caption\":\"Appel \u00e0 artiste sc\u00e8ne ouverte du 29 janvier 2026.\"},{\"@type\":\"BreadcrumbList\",\"@id\":\"https:\/\/mdc1060.brussels\/nl\/event\/appel-artistes-musique-saint-gilles\/#breadcrumb\",\"itemListElement\":[{\"@type\":\"ListItem\",\"position\":1,\"name\":\"Accueil\",\"item\":\"https:\/\/mdc1060.brussels\/nl\/\"},{\"@type\":\"ListItem\",\"position\":2,\"name\":\"Evenementen\",\"item\":\"https:\/\/mdc1060.brussels\/nl\/events\/\"},{\"@type\":\"ListItem\",\"position\":3,\"name\":\"Appel \u00e0 artistes musique Saint-Gilles \u2013 Sc\u00e8ne Ouverte 29 janvier 2026\"}]},{\"@type\":\"WebSite\",\"@id\":\"https:\/\/mdc1060.brussels\/nl\/#website\",\"url\":\"https:\/\/mdc1060.brussels\/nl\/\",\"name\":\"Maison des Cultures de Saint-Gilles\",\"description\":\"Concerts, th\u00e9\u00e2tre, danse, cirque, r\u00e9sidences, expos, ateliers, stages...\",\"potentialAction\":[{\"@type\":\"SearchAction\",\"target\":{\"@type\":\"EntryPoint\",\"urlTemplate\":\"https:\/\/mdc1060.brussels\/nl\/?s={search_term_string}\"},\"query-input\":{\"@type\":\"PropertyValueSpecification\",\"valueRequired\":true,\"valueName\":\"search_term_string\"}}],\"inLanguage\":\"nl-NL\"}]}<\/script>\n<!-- \/ Yoast SEO plugin. -->","yoast_head_json":{"title":"Appel \u00e0 artistes musique Saint-Gilles \u2013 Sc\u00e8ne Ouverte 29 janvier 2026 - Maison des Cultures de Saint-Gilles","description":"Appel \u00e0 artistes musique Saint-Gilles : participe \u00e0 la Sc\u00e8ne Ouverte du 29 janvier 2026. Candidatures jusqu\u2019au 4 janvier.","robots":{"index":"index","follow":"follow","max-snippet":"max-snippet:-1","max-image-preview":"max-image-preview:large","max-video-preview":"max-video-preview:-1"},"canonical":"https:\/\/mdc1060.brussels\/nl\/event\/appel-artistes-musique-saint-gilles\/","og_locale":"nl_NL","og_type":"article","og_title":"Appel \u00e0 artistes musique Saint-Gilles \u2013 Sc\u00e8ne Ouverte 29 janvier 2026 - Maison des Cultures de Saint-Gilles","og_description":"Appel \u00e0 artistes musique Saint-Gilles : participe \u00e0 la Sc\u00e8ne Ouverte du 29 janvier 2026. Candidatures jusqu\u2019au 4 janvier.","og_url":"https:\/\/mdc1060.brussels\/nl\/event\/appel-artistes-musique-saint-gilles\/","og_site_name":"Maison des Cultures de Saint-Gilles","article_publisher":"https:\/\/www.facebook.com\/Maisondesculturesdesaintgilles","article_modified_time":"2025-11-17T08:47:29+00:00","og_image":[{"width":2048,"height":2048,"url":"https:\/\/mdc1060.brussels\/wp-content\/uploads\/2025\/11\/Copie-de-visuel-umami-dinner-1.jpg","type":"image\/jpeg"}],"twitter_card":"summary_large_image","twitter_misc":{"Geschatte leestijd":"2 minuten"},"schema":{"@context":"https:\/\/schema.org","@graph":[{"@type":"WebPage","@id":"https:\/\/mdc1060.brussels\/nl\/event\/appel-artistes-musique-saint-gilles\/","url":"https:\/\/mdc1060.brussels\/nl\/event\/appel-artistes-musique-saint-gilles\/","name":"Appel \u00e0 artistes musique Saint-Gilles \u2013 Sc\u00e8ne Ouverte 29 janvier 2026 - Maison des Cultures de Saint-Gilles","isPartOf":{"@id":"https:\/\/mdc1060.brussels\/nl\/#website"},"primaryImageOfPage":{"@id":"https:\/\/mdc1060.brussels\/nl\/event\/appel-artistes-musique-saint-gilles\/#primaryimage"},"image":{"@id":"https:\/\/mdc1060.brussels\/nl\/event\/appel-artistes-musique-saint-gilles\/#primaryimage"},"thumbnailUrl":"https:\/\/mdc1060.brussels\/wp-content\/uploads\/2025\/11\/Copie-de-visuel-umami-dinner-1.jpg","datePublished":"2025-11-17T08:41:28+00:00","dateModified":"2025-11-17T08:47:29+00:00","description":"Appel \u00e0 artistes musique Saint-Gilles : participe \u00e0 la Sc\u00e8ne Ouverte du 29 janvier 2026. Candidatures jusqu\u2019au 4 janvier.","breadcrumb":{"@id":"https:\/\/mdc1060.brussels\/nl\/event\/appel-artistes-musique-saint-gilles\/#breadcrumb"},"inLanguage":"nl-NL","potentialAction":[{"@type":"ReadAction","target":["https:\/\/mdc1060.brussels\/nl\/event\/appel-artistes-musique-saint-gilles\/"]}]},{"@type":"ImageObject","inLanguage":"nl-NL","@id":"https:\/\/mdc1060.brussels\/nl\/event\/appel-artistes-musique-saint-gilles\/#primaryimage","url":"https:\/\/mdc1060.brussels\/wp-content\/uploads\/2025\/11\/Copie-de-visuel-umami-dinner-1.jpg","contentUrl":"https:\/\/mdc1060.brussels\/wp-content\/uploads\/2025\/11\/Copie-de-visuel-umami-dinner-1.jpg","width":2048,"height":2048,"caption":"Appel \u00e0 artiste sc\u00e8ne ouverte du 29 janvier 2026."},{"@type":"BreadcrumbList","@id":"https:\/\/mdc1060.brussels\/nl\/event\/appel-artistes-musique-saint-gilles\/#breadcrumb","itemListElement":[{"@type":"ListItem","position":1,"name":"Accueil","item":"https:\/\/mdc1060.brussels\/nl\/"},{"@type":"ListItem","position":2,"name":"Evenementen","item":"https:\/\/mdc1060.brussels\/nl\/events\/"},{"@type":"ListItem","position":3,"name":"Appel \u00e0 artistes musique Saint-Gilles \u2013 Sc\u00e8ne Ouverte 29 janvier 2026"}]},{"@type":"WebSite","@id":"https:\/\/mdc1060.brussels\/nl\/#website","url":"https:\/\/mdc1060.brussels\/nl\/","name":"Maison des Cultures de Saint-Gilles","description":"Concerts, th\u00e9\u00e2tre, danse, cirque, r\u00e9sidences, expos, ateliers, stages...","potentialAction":[{"@type":"SearchAction","target":{"@type":"EntryPoint","urlTemplate":"https:\/\/mdc1060.brussels\/nl\/?s={search_term_string}"},"query-input":{"@type":"PropertyValueSpecification","valueRequired":true,"valueName":"search_term_string"}}],"inLanguage":"nl-NL"}]}},"_links":{"self":[{"href":"https:\/\/mdc1060.brussels\/nl\/wp-json\/wp\/v2\/tribe_events\/16405","targetHints":{"allow":["GET"]}}],"collection":[{"href":"https:\/\/mdc1060.brussels\/nl\/wp-json\/wp\/v2\/tribe_events"}],"about":[{"href":"https:\/\/mdc1060.brussels\/nl\/wp-json\/wp\/v2\/types\/tribe_events"}],"author":[{"embeddable":true,"href":"https:\/\/mdc1060.brussels\/nl\/wp-json\/wp\/v2\/users\/5"}],"version-history":[{"count":1,"href":"https:\/\/mdc1060.brussels\/nl\/wp-json\/wp\/v2\/tribe_events\/16405\/revisions"}],"predecessor-version":[{"id":16407,"href":"https:\/\/mdc1060.brussels\/nl\/wp-json\/wp\/v2\/tribe_events\/16405\/revisions\/16407"}],"wp:featuredmedia":[{"embeddable":true,"href":"https:\/\/mdc1060.brussels\/nl\/wp-json\/wp\/v2\/media\/16411"}],"wp:attachment":[{"href":"https:\/\/mdc1060.brussels\/nl\/wp-json\/wp\/v2\/media?parent=16405"}],"wp:term":[{"taxonomy":"post_tag","embeddable":true,"href":"https:\/\/mdc1060.brussels\/nl\/wp-json\/wp\/v2\/tags?post=16405"},{"taxonomy":"tribe_events_cat","embeddable":true,"href":"https:\/\/mdc1060.brussels\/nl\/wp-json\/wp\/v2\/tribe_events_cat?post=16405"}],"curies":[{"name":"wp","href":"https:\/\/api.w.org\/{rel}","templated":true}]}}