{"id":16412,"date":"2025-11-17T17:08:26","date_gmt":"2025-11-17T16:08:26","guid":{"rendered":"https:\/\/mdc1060.brussels\/?post_type=tribe_events&#038;p=16412"},"modified":"2025-11-26T16:27:03","modified_gmt":"2025-11-26T15:27:03","slug":"concert-aven-saint-gilles","status":"publish","type":"tribe_events","link":"https:\/\/mdc1060.brussels\/nl\/event\/concert-aven-saint-gilles\/","title":{"rendered":"Concert Aven : pop alternative et folk \u00e0 Saint-Gilles"},"content":{"rendered":"<p data-start=\"904\" data-end=\"1169\"><strong data-start=\"907\" data-end=\"923\">Aven<\/strong> revient \u00e0 la Maison des Cultures de Saint-Gilles avec une soir\u00e9e d\u00e9di\u00e9e \u00e0 la pop alternative, au folk moderne et \u00e0 une sc\u00e9nographie immersive. Ce concert Aven propose une exp\u00e9rience intime o\u00f9 se m\u00ealent \u00e9motions, po\u00e9sie musicale et \u00e9nergie douce.<\/p>\n<h2 data-start=\"1176\" data-end=\"1229\"><strong data-start=\"1178\" data-end=\"1229\">Aven : un projet de pop alternative francophone<\/strong><\/h2>\n<p data-start=\"1230\" data-end=\"1510\">Aven est n\u00e9 en d\u00e9cembre 2023, port\u00e9 par Th\u00e9o, auteur-compositeur. Il est accompagn\u00e9 de <strong data-start=\"1317\" data-end=\"1326\">Flora<\/strong> (batterie, guitare, chant), <strong data-start=\"1355\" data-end=\"1363\">Naya<\/strong> (basse, chant) et <strong data-start=\"1382\" data-end=\"1392\">Romain<\/strong> (violon).<br data-start=\"1402\" data-end=\"1405\" \/>Le groupe trace une ligne entre <strong data-start=\"1437\" data-end=\"1450\">indie pop<\/strong>, <strong data-start=\"1452\" data-end=\"1460\">folk<\/strong>, sensibilit\u00e9 naturelle et introspection musicale.<\/p>\n<p data-start=\"1512\" data-end=\"1594\">Aven explore ce qui reste enfoui, ce qui vibre, ce qui s\u2019exprime avec sinc\u00e9rit\u00e9.<\/p>\n<blockquote data-start=\"1595\" data-end=\"1666\">\n<p data-start=\"1597\" data-end=\"1666\"><em data-start=\"1597\" data-end=\"1666\">Aven ira l\u00e0 o\u00f9 il pleut, l\u00e0 o\u00f9 il reste des choses enfouies \u00e0 dire.<\/em><\/p>\n<\/blockquote>\n<h2 data-start=\"1673\" data-end=\"1715\"><strong data-start=\"1675\" data-end=\"1715\">Premiers pas et \u00e9volution artistique<\/strong><\/h2>\n<p data-start=\"1716\" data-end=\"1990\">En mars 2025 sort leur premier EP, <strong data-start=\"1751\" data-end=\"1774\"><em data-start=\"1753\" data-end=\"1772\">Bleues les ombres<\/em><\/strong>, marquant un tournant dans leur \u00e9criture musicale.<br data-start=\"1825\" data-end=\"1828\" \/>Depuis, Aven a foul\u00e9 plusieurs sc\u00e8nes belges : Bluebird Festival, La Popote, Quatre-Quarts, Maison des Cultures de Molenbeek, Maison des Cultures de Saint-Gilles\u2026<\/p>\n<p data-start=\"1992\" data-end=\"2139\">Aven repr\u00e9sente une nouvelle \u00e9tape avec une cr\u00e9ation sc\u00e9nique travaill\u00e9e, visuelle et \u00e9motionnelle, pens\u00e9e comme un moment suspendu.<\/p>\n<h2 data-start=\"2146\" data-end=\"2173\"><strong data-start=\"2148\" data-end=\"2173\">Horaires de la soir\u00e9e<\/strong><\/h2>\n<ul data-start=\"2174\" data-end=\"2279\">\n<li data-start=\"2174\" data-end=\"2220\">\n<p data-start=\"2176\" data-end=\"2220\"><strong data-start=\"2176\" data-end=\"2218\">Ouverture du bar et des portes : 18h30<\/strong><\/p>\n<\/li>\n<li data-start=\"2221\" data-end=\"2252\">\n<p data-start=\"2223\" data-end=\"2252\"><strong data-start=\"2223\" data-end=\"2250\">Premi\u00e8re partie : 19h30<\/strong><\/p>\n<\/li>\n<li data-start=\"2253\" data-end=\"2279\">\n<p data-start=\"2255\" data-end=\"2279\"><strong data-start=\"2255\" data-end=\"2279\">Concert Aven : 20h00<\/strong><\/p>\n<\/li>\n<\/ul>\n<p><strong>\u00a0Participation au chapeau :<\/strong><br \/>\n<span>L\u2019entr\u00e9e est libre, mais une contribution au chapeau sera propos\u00e9e \u00e0 la fin du concert.<\/span><br \/>\n<span>Ce geste est une mani\u00e8re concr\u00e8te de soutenir le d\u00e9veloppement du projet, d\u2019aider \u00e0 la cr\u00e9ation du prochain EP pr\u00e9vu pour 2026, et de permettre \u00e0 Aven de continuer \u00e0 faire vivre sa musique sur sc\u00e8ne.<\/span><br \/>\n<span>Pensez \u00e0 prendre un peu de cash ! &lt;3<\/span><\/p>\n<h2 data-start=\"2286\" data-end=\"2303\"><strong data-start=\"2288\" data-end=\"2303\">Billetterie<\/strong><\/h2>\n<p data-start=\"2304\" data-end=\"2384\">\ud83d\udc49 <strong data-start=\"2307\" data-end=\"2352\">R\u00e9server votre place pour le concert Aven<\/strong> : <a data-start=\"2355\" data-end=\"2384\" rel=\"noopener\" target=\"_new\" class=\"decorated-link\" href=\"https:\/\/www.billetweb.fr\/aven\">https:\/\/www.billetweb.fr\/aven<\/a><\/p>\n","protected":false},"excerpt":{"rendered":"<p>Aven revient \u00e0 la Maison des Cultures de Saint-Gilles avec une soir\u00e9e d\u00e9di\u00e9e \u00e0 la pop alternative, au folk moderne et \u00e0 une sc\u00e9nographie immersive. Ce concert Aven propose une exp\u00e9rience intime o\u00f9 se m\u00ealent \u00e9motions, po\u00e9sie musicale et \u00e9nergie douce. Aven : un projet de pop alternative francophone Aven [&hellip;]<\/p>\n","protected":false},"author":5,"featured_media":16436,"template":"","meta":{"_tribe_events_status":"","_tribe_events_status_reason":"","_tribe_events_is_hybrid":"","_tribe_events_is_virtual":"","_tribe_events_virtual_video_source":"","_tribe_events_virtual_embed_video":"","_tribe_events_virtual_linked_button_text":"","_tribe_events_virtual_linked_button":"","_tribe_events_virtual_show_embed_at":"","_tribe_events_virtual_show_embed_to":[],"_tribe_events_virtual_show_on_event":"","_tribe_events_virtual_show_on_views":"","_tribe_events_virtual_url":"","footnotes":""},"tags":[407,57,408,255,208],"tribe_events_cat":[35],"class_list":["post-16412","tribe_events","type-tribe_events","status-publish","has-post-thumbnail","hentry","tag-aven","tag-concert","tag-folk","tag-maison-des-cultures","tag-sortie-de-residence","tribe_events_cat-concerts","cat_concerts"],"yoast_head":"<!-- This site is optimized with the Yoast SEO plugin v26.3 - https:\/\/yoast.com\/wordpress\/plugins\/seo\/ -->\n<title>Concert Aven \u2013 Pop alternative \u00e0 Saint-Gilles<\/title>\n<meta name=\"description\" content=\"Assistez au concert Aven \u00e0 Saint-Gilles : pop alternative et folk dans une soir\u00e9e intimiste et sc\u00e9nographi\u00e9e. Infos, horaires et billetterie.\" \/>\n<meta name=\"robots\" content=\"index, follow, max-snippet:-1, max-image-preview:large, max-video-preview:-1\" \/>\n<link rel=\"canonical\" href=\"https:\/\/mdc1060.brussels\/nl\/event\/concert-aven-saint-gilles\/\" \/>\n<meta property=\"og:locale\" content=\"nl_NL\" \/>\n<meta property=\"og:type\" content=\"article\" \/>\n<meta property=\"og:title\" content=\"Concert Aven \u2013 Pop alternative \u00e0 Saint-Gilles\" \/>\n<meta property=\"og:description\" content=\"Assistez au concert Aven \u00e0 Saint-Gilles : pop alternative et folk dans une soir\u00e9e intimiste et sc\u00e9nographi\u00e9e. Infos, horaires et billetterie.\" \/>\n<meta property=\"og:url\" content=\"https:\/\/mdc1060.brussels\/nl\/event\/concert-aven-saint-gilles\/\" \/>\n<meta property=\"og:site_name\" content=\"Maison des Cultures de Saint-Gilles\" \/>\n<meta property=\"article:publisher\" content=\"https:\/\/www.facebook.com\/Maisondesculturesdesaintgilles\" \/>\n<meta property=\"article:modified_time\" content=\"2025-11-26T15:27:03+00:00\" \/>\n<meta property=\"og:image\" content=\"https:\/\/mdc1060.brussels\/wp-content\/uploads\/2025\/11\/visuel-aven.jpg\" \/>\n\t<meta property=\"og:image:width\" content=\"2048\" \/>\n\t<meta property=\"og:image:height\" content=\"2048\" \/>\n\t<meta property=\"og:image:type\" content=\"image\/jpeg\" \/>\n<meta name=\"twitter:card\" content=\"summary_large_image\" \/>\n<meta name=\"twitter:label1\" content=\"Geschatte leestijd\" \/>\n\t<meta name=\"twitter:data1\" content=\"2 minuten\" \/>\n<script type=\"application\/ld+json\" class=\"yoast-schema-graph\">{\"@context\":\"https:\/\/schema.org\",\"@graph\":[{\"@type\":\"WebPage\",\"@id\":\"https:\/\/mdc1060.brussels\/nl\/event\/concert-aven-saint-gilles\/\",\"url\":\"https:\/\/mdc1060.brussels\/nl\/event\/concert-aven-saint-gilles\/\",\"name\":\"Concert Aven \u2013 Pop alternative \u00e0 Saint-Gilles\",\"isPartOf\":{\"@id\":\"https:\/\/mdc1060.brussels\/nl\/#website\"},\"primaryImageOfPage\":{\"@id\":\"https:\/\/mdc1060.brussels\/nl\/event\/concert-aven-saint-gilles\/#primaryimage\"},\"image\":{\"@id\":\"https:\/\/mdc1060.brussels\/nl\/event\/concert-aven-saint-gilles\/#primaryimage\"},\"thumbnailUrl\":\"https:\/\/mdc1060.brussels\/wp-content\/uploads\/2025\/11\/visuel-aven.jpg\",\"datePublished\":\"2025-11-17T16:08:26+00:00\",\"dateModified\":\"2025-11-26T15:27:03+00:00\",\"description\":\"Assistez au concert Aven \u00e0 Saint-Gilles : pop alternative et folk dans une soir\u00e9e intimiste et sc\u00e9nographi\u00e9e. Infos, horaires et billetterie.\",\"breadcrumb\":{\"@id\":\"https:\/\/mdc1060.brussels\/nl\/event\/concert-aven-saint-gilles\/#breadcrumb\"},\"inLanguage\":\"nl-NL\",\"potentialAction\":[{\"@type\":\"ReadAction\",\"target\":[\"https:\/\/mdc1060.brussels\/nl\/event\/concert-aven-saint-gilles\/\"]}]},{\"@type\":\"ImageObject\",\"inLanguage\":\"nl-NL\",\"@id\":\"https:\/\/mdc1060.brussels\/nl\/event\/concert-aven-saint-gilles\/#primaryimage\",\"url\":\"https:\/\/mdc1060.brussels\/wp-content\/uploads\/2025\/11\/visuel-aven.jpg\",\"contentUrl\":\"https:\/\/mdc1060.brussels\/wp-content\/uploads\/2025\/11\/visuel-aven.jpg\",\"width\":2048,\"height\":2048,\"caption\":\"concert aven le 12 d\u00e9cembre\"},{\"@type\":\"BreadcrumbList\",\"@id\":\"https:\/\/mdc1060.brussels\/nl\/event\/concert-aven-saint-gilles\/#breadcrumb\",\"itemListElement\":[{\"@type\":\"ListItem\",\"position\":1,\"name\":\"Accueil\",\"item\":\"https:\/\/mdc1060.brussels\/nl\/\"},{\"@type\":\"ListItem\",\"position\":2,\"name\":\"Evenementen\",\"item\":\"https:\/\/mdc1060.brussels\/nl\/events\/\"},{\"@type\":\"ListItem\",\"position\":3,\"name\":\"Concert Aven : pop alternative et folk \u00e0 Saint-Gilles\"}]},{\"@type\":\"WebSite\",\"@id\":\"https:\/\/mdc1060.brussels\/nl\/#website\",\"url\":\"https:\/\/mdc1060.brussels\/nl\/\",\"name\":\"Maison des Cultures de Saint-Gilles\",\"description\":\"Concerts, th\u00e9\u00e2tre, danse, cirque, r\u00e9sidences, expos, ateliers, stages...\",\"potentialAction\":[{\"@type\":\"SearchAction\",\"target\":{\"@type\":\"EntryPoint\",\"urlTemplate\":\"https:\/\/mdc1060.brussels\/nl\/?s={search_term_string}\"},\"query-input\":{\"@type\":\"PropertyValueSpecification\",\"valueRequired\":true,\"valueName\":\"search_term_string\"}}],\"inLanguage\":\"nl-NL\"}]}<\/script>\n<!-- \/ Yoast SEO plugin. -->","yoast_head_json":{"title":"Concert Aven \u2013 Pop alternative \u00e0 Saint-Gilles","description":"Assistez au concert Aven \u00e0 Saint-Gilles : pop alternative et folk dans une soir\u00e9e intimiste et sc\u00e9nographi\u00e9e. Infos, horaires et billetterie.","robots":{"index":"index","follow":"follow","max-snippet":"max-snippet:-1","max-image-preview":"max-image-preview:large","max-video-preview":"max-video-preview:-1"},"canonical":"https:\/\/mdc1060.brussels\/nl\/event\/concert-aven-saint-gilles\/","og_locale":"nl_NL","og_type":"article","og_title":"Concert Aven \u2013 Pop alternative \u00e0 Saint-Gilles","og_description":"Assistez au concert Aven \u00e0 Saint-Gilles : pop alternative et folk dans une soir\u00e9e intimiste et sc\u00e9nographi\u00e9e. Infos, horaires et billetterie.","og_url":"https:\/\/mdc1060.brussels\/nl\/event\/concert-aven-saint-gilles\/","og_site_name":"Maison des Cultures de Saint-Gilles","article_publisher":"https:\/\/www.facebook.com\/Maisondesculturesdesaintgilles","article_modified_time":"2025-11-26T15:27:03+00:00","og_image":[{"width":2048,"height":2048,"url":"https:\/\/mdc1060.brussels\/wp-content\/uploads\/2025\/11\/visuel-aven.jpg","type":"image\/jpeg"}],"twitter_card":"summary_large_image","twitter_misc":{"Geschatte leestijd":"2 minuten"},"schema":{"@context":"https:\/\/schema.org","@graph":[{"@type":"WebPage","@id":"https:\/\/mdc1060.brussels\/nl\/event\/concert-aven-saint-gilles\/","url":"https:\/\/mdc1060.brussels\/nl\/event\/concert-aven-saint-gilles\/","name":"Concert Aven \u2013 Pop alternative \u00e0 Saint-Gilles","isPartOf":{"@id":"https:\/\/mdc1060.brussels\/nl\/#website"},"primaryImageOfPage":{"@id":"https:\/\/mdc1060.brussels\/nl\/event\/concert-aven-saint-gilles\/#primaryimage"},"image":{"@id":"https:\/\/mdc1060.brussels\/nl\/event\/concert-aven-saint-gilles\/#primaryimage"},"thumbnailUrl":"https:\/\/mdc1060.brussels\/wp-content\/uploads\/2025\/11\/visuel-aven.jpg","datePublished":"2025-11-17T16:08:26+00:00","dateModified":"2025-11-26T15:27:03+00:00","description":"Assistez au concert Aven \u00e0 Saint-Gilles : pop alternative et folk dans une soir\u00e9e intimiste et sc\u00e9nographi\u00e9e. Infos, horaires et billetterie.","breadcrumb":{"@id":"https:\/\/mdc1060.brussels\/nl\/event\/concert-aven-saint-gilles\/#breadcrumb"},"inLanguage":"nl-NL","potentialAction":[{"@type":"ReadAction","target":["https:\/\/mdc1060.brussels\/nl\/event\/concert-aven-saint-gilles\/"]}]},{"@type":"ImageObject","inLanguage":"nl-NL","@id":"https:\/\/mdc1060.brussels\/nl\/event\/concert-aven-saint-gilles\/#primaryimage","url":"https:\/\/mdc1060.brussels\/wp-content\/uploads\/2025\/11\/visuel-aven.jpg","contentUrl":"https:\/\/mdc1060.brussels\/wp-content\/uploads\/2025\/11\/visuel-aven.jpg","width":2048,"height":2048,"caption":"concert aven le 12 d\u00e9cembre"},{"@type":"BreadcrumbList","@id":"https:\/\/mdc1060.brussels\/nl\/event\/concert-aven-saint-gilles\/#breadcrumb","itemListElement":[{"@type":"ListItem","position":1,"name":"Accueil","item":"https:\/\/mdc1060.brussels\/nl\/"},{"@type":"ListItem","position":2,"name":"Evenementen","item":"https:\/\/mdc1060.brussels\/nl\/events\/"},{"@type":"ListItem","position":3,"name":"Concert Aven : pop alternative et folk \u00e0 Saint-Gilles"}]},{"@type":"WebSite","@id":"https:\/\/mdc1060.brussels\/nl\/#website","url":"https:\/\/mdc1060.brussels\/nl\/","name":"Maison des Cultures de Saint-Gilles","description":"Concerts, th\u00e9\u00e2tre, danse, cirque, r\u00e9sidences, expos, ateliers, stages...","potentialAction":[{"@type":"SearchAction","target":{"@type":"EntryPoint","urlTemplate":"https:\/\/mdc1060.brussels\/nl\/?s={search_term_string}"},"query-input":{"@type":"PropertyValueSpecification","valueRequired":true,"valueName":"search_term_string"}}],"inLanguage":"nl-NL"}]}},"_links":{"self":[{"href":"https:\/\/mdc1060.brussels\/nl\/wp-json\/wp\/v2\/tribe_events\/16412","targetHints":{"allow":["GET"]}}],"collection":[{"href":"https:\/\/mdc1060.brussels\/nl\/wp-json\/wp\/v2\/tribe_events"}],"about":[{"href":"https:\/\/mdc1060.brussels\/nl\/wp-json\/wp\/v2\/types\/tribe_events"}],"author":[{"embeddable":true,"href":"https:\/\/mdc1060.brussels\/nl\/wp-json\/wp\/v2\/users\/5"}],"version-history":[{"count":2,"href":"https:\/\/mdc1060.brussels\/nl\/wp-json\/wp\/v2\/tribe_events\/16412\/revisions"}],"predecessor-version":[{"id":16437,"href":"https:\/\/mdc1060.brussels\/nl\/wp-json\/wp\/v2\/tribe_events\/16412\/revisions\/16437"}],"wp:featuredmedia":[{"embeddable":true,"href":"https:\/\/mdc1060.brussels\/nl\/wp-json\/wp\/v2\/media\/16436"}],"wp:attachment":[{"href":"https:\/\/mdc1060.brussels\/nl\/wp-json\/wp\/v2\/media?parent=16412"}],"wp:term":[{"taxonomy":"post_tag","embeddable":true,"href":"https:\/\/mdc1060.brussels\/nl\/wp-json\/wp\/v2\/tags?post=16412"},{"taxonomy":"tribe_events_cat","embeddable":true,"href":"https:\/\/mdc1060.brussels\/nl\/wp-json\/wp\/v2\/tribe_events_cat?post=16412"}],"curies":[{"name":"wp","href":"https:\/\/api.w.org\/{rel}","templated":true}]}}