{"id":16427,"date":"2025-11-26T16:15:07","date_gmt":"2025-11-26T15:15:07","guid":{"rendered":"https:\/\/mdc1060.brussels\/?post_type=tribe_events&#038;p=16427"},"modified":"2025-11-26T16:21:41","modified_gmt":"2025-11-26T15:21:41","slug":"concert-sortie-residence-divee","status":"publish","type":"tribe_events","link":"https:\/\/mdc1060.brussels\/nl\/event\/concert-sortie-residence-divee\/","title":{"rendered":"Divee : concert de sortie de r\u00e9sidence"},"content":{"rendered":"<h2 data-start=\"508\" data-end=\"581\">Une soir\u00e9e exceptionnelle pour le concert de sortie de r\u00e9sidence Divee<\/h2>\n<p data-start=\"583\" data-end=\"891\">Le <strong data-start=\"586\" data-end=\"626\">concert de sortie de r\u00e9sidence Divee<\/strong> aura lieu le <strong data-start=\"640\" data-end=\"664\">5 d\u00e9cembre d\u00e8s 18h30<\/strong> \u00e0 la Maison des Cultures de Saint-Gilles. Apr\u00e8s plusieurs jours de cr\u00e9ation sc\u00e9nique, l\u2019artiste d\u00e9voilera ses nouveaux morceaux dans un cadre chaleureux, accompagn\u00e9 d\u2019un <strong data-start=\"835\" data-end=\"852\">bar sur place<\/strong> pour profiter pleinement de la soir\u00e9e.<\/p>\n<p data-start=\"893\" data-end=\"977\">\ud83c\udf9f <strong data-start=\"896\" data-end=\"941\">Entr\u00e9e gratuite \u2013 R\u00e9servation obligatoire<\/strong><br data-start=\"941\" data-end=\"944\" \/>\ud83d\udc49 <a data-start=\"947\" data-end=\"977\" rel=\"noopener\" target=\"_new\" class=\"decorated-link\" href=\"https:\/\/www.billetweb.fr\/divee\">https:\/\/www.billetweb.fr\/divee<span aria-hidden=\"true\" class=\"ms-0.5 inline-block align-middle leading-none\"><svg width=\"20\" height=\"20\" viewbox=\"0 0 20 20\" fill=\"currentColor\" xmlns=\"http:\/\/www.w3.org\/2000\/svg\" data-rtl-flip=\"\" class=\"block h-[0.75em] w-[0.75em] stroke-current stroke-[0.75]\"><path d=\"M14.3349 13.3301V6.60645L5.47065 15.4707C5.21095 15.7304 4.78895 15.7304 4.52925 15.4707C4.26955 15.211 4.26955 14.789 4.52925 14.5293L13.3935 5.66504H6.66011C6.29284 5.66504 5.99507 5.36727 5.99507 5C5.99507 4.63273 6.29284 4.33496 6.66011 4.33496H14.9999L15.1337 4.34863C15.4369 4.41057 15.665 4.67857 15.665 5V13.3301C15.6649 13.6973 15.3672 13.9951 14.9999 13.9951C14.6327 13.9951 14.335 13.6973 14.3349 13.3301Z\"><\/path><\/svg><\/span><\/a><\/p>\n<h2 data-start=\"1125\" data-end=\"1177\">Qui est Divee ? Une artiste au c\u0153ur du dreamy rap<\/h2>\n<h3 data-start=\"1179\" data-end=\"1212\">Divee et son univers po\u00e9tique<\/h3>\n<p data-start=\"1214\" data-end=\"1495\">Divee est une jeune artiste gaumaise de 21 ans qui d\u00e9veloppe un style unique : le <strong data-start=\"1296\" data-end=\"1310\">dreamy rap<\/strong>. Sensualit\u00e9, insolence, r\u00eave et ironie se m\u00ealent dans ses compositions. Inspir\u00e9e par le <strong data-start=\"1399\" data-end=\"1407\">jazz<\/strong>, la <strong data-start=\"1412\" data-end=\"1424\">n\u00e9o-soul<\/strong>, le <strong data-start=\"1429\" data-end=\"1436\">r&amp;b<\/strong> et la <strong data-start=\"1443\" data-end=\"1450\">pop<\/strong>, elle cr\u00e9e une ambiance vaporeuse et intime.<\/p>\n<p data-start=\"1497\" data-end=\"1751\">Elle se distingue par la <strong data-start=\"1522\" data-end=\"1546\">po\u00e9sie de ses textes<\/strong>, interpr\u00e9t\u00e9s en <strong data-start=\"1563\" data-end=\"1575\">fran\u00e7ais<\/strong> et en <strong data-start=\"1582\" data-end=\"1593\">anglais<\/strong>, qu\u2019elle d\u00e9cline \u00e0 travers le rap, le chant et le slam. Son identit\u00e9 artistique repose sur une \u00e9criture sensible et un univers sonore profond\u00e9ment personnel.<\/p>\n<p data-start=\"1753\" data-end=\"1886\"><img fetchpriority=\"high\" decoding=\"async\" src=\"https:\/\/mdc1060.brussels\/wp-content\/uploads\/2025\/11\/Capture-decran-2025-11-26-161140.jpg\" alt=\"Portrait de Divee, artiste dreamy rap, 21 ans \u2013 fran\u00e7ais anglais \u2013 po\u00e9tique et moderne\" width=\"954\" height=\"1180\" class=\"alignnone size-full wp-image-16428\" srcset=\"https:\/\/mdc1060.brussels\/wp-content\/uploads\/2025\/11\/Capture-decran-2025-11-26-161140.jpg 954w, https:\/\/mdc1060.brussels\/wp-content\/uploads\/2025\/11\/Capture-decran-2025-11-26-161140-243x300.jpg 243w, https:\/\/mdc1060.brussels\/wp-content\/uploads\/2025\/11\/Capture-decran-2025-11-26-161140-828x1024.jpg 828w, https:\/\/mdc1060.brussels\/wp-content\/uploads\/2025\/11\/Capture-decran-2025-11-26-161140-768x950.jpg 768w, https:\/\/mdc1060.brussels\/wp-content\/uploads\/2025\/11\/Capture-decran-2025-11-26-161140-500x618.jpg 500w, https:\/\/mdc1060.brussels\/wp-content\/uploads\/2025\/11\/Capture-decran-2025-11-26-161140-800x990.jpg 800w\" sizes=\"(max-width: 954px) 100vw, 954px\" \/><\/p>\n<h2 data-start=\"1888\" data-end=\"1956\">Pourquoi ne pas manquer le concert de sortie de r\u00e9sidence Divee ?<\/h2>\n<h3 data-start=\"1958\" data-end=\"1997\">Une exp\u00e9rience artistique immersive<\/h3>\n<p data-start=\"1999\" data-end=\"2268\">Ce <strong data-start=\"2002\" data-end=\"2042\">concert de sortie de r\u00e9sidence Divee<\/strong> permettra au public de d\u00e9couvrir ses nouvelles cr\u00e9ations, fa\u00e7onn\u00e9es durant sa p\u00e9riode de travail intensif. C\u2019est l\u2019occasion parfaite d\u2019entrer dans son monde \u201cdreamy\u201d, de ressentir ses \u00e9motions et de la voir \u00e9voluer sur sc\u00e8ne.<\/p>\n<h3 data-start=\"2270\" data-end=\"2291\">Infos pratiques<\/h3>\n<ul data-start=\"2292\" data-end=\"2510\">\n<li data-start=\"2292\" data-end=\"2317\">\n<p data-start=\"2294\" data-end=\"2317\"><strong data-start=\"2294\" data-end=\"2304\">Date :<\/strong> 5 d\u00e9cembre<\/p>\n<\/li>\n<li data-start=\"2318\" data-end=\"2339\">\n<p data-start=\"2320\" data-end=\"2339\"><strong data-start=\"2320\" data-end=\"2331\">Heure :<\/strong> 18h30<\/p>\n<\/li>\n<li data-start=\"2340\" data-end=\"2390\">\n<p data-start=\"2342\" data-end=\"2390\"><strong data-start=\"2342\" data-end=\"2352\">Lieu :<\/strong> Maison des Cultures de Saint-Gilles<\/p>\n<\/li>\n<li data-start=\"2391\" data-end=\"2418\">\n<p data-start=\"2393\" data-end=\"2418\"><strong data-start=\"2393\" data-end=\"2412\">Bar sur place :<\/strong> oui<\/p>\n<\/li>\n<li data-start=\"2419\" data-end=\"2510\">\n<p data-start=\"2421\" data-end=\"2510\"><strong data-start=\"2421\" data-end=\"2433\">Entr\u00e9e :<\/strong> gratuite \u2013 <strong data-start=\"2445\" data-end=\"2472\">r\u00e9servation obligatoire<\/strong><br data-start=\"2472\" data-end=\"2475\" \/>\ud83d\udc49 <a data-start=\"2480\" data-end=\"2510\" rel=\"noopener\" target=\"_new\" class=\"decorated-link\" href=\"https:\/\/www.billetweb.fr\/divee\">https:\/\/www.billetweb.fr\/divee<\/a><\/p>\n<\/li>\n<\/ul>\n","protected":false},"excerpt":{"rendered":"<p>Une soir\u00e9e exceptionnelle pour le concert de sortie de r\u00e9sidence Divee Le concert de sortie de r\u00e9sidence Divee aura lieu le 5 d\u00e9cembre d\u00e8s 18h30 \u00e0 la Maison des Cultures de Saint-Gilles. Apr\u00e8s plusieurs jours de cr\u00e9ation sc\u00e9nique, l\u2019artiste d\u00e9voilera ses nouveaux morceaux dans un cadre chaleureux, accompagn\u00e9 d\u2019un bar [&hellip;]<\/p>\n","protected":false},"author":5,"featured_media":16434,"template":"","meta":{"_tribe_events_status":"","_tribe_events_status_reason":"","_tribe_events_is_hybrid":"","_tribe_events_is_virtual":"","_tribe_events_virtual_video_source":"","_tribe_events_virtual_embed_video":"","_tribe_events_virtual_linked_button_text":"","_tribe_events_virtual_linked_button":"","_tribe_events_virtual_show_embed_at":"","_tribe_events_virtual_show_embed_to":[],"_tribe_events_virtual_show_on_event":"","_tribe_events_virtual_show_on_views":"","_tribe_events_virtual_url":"","footnotes":""},"tags":[57,409,410,411,140,299,208],"tribe_events_cat":[35],"class_list":["post-16427","tribe_events","type-tribe_events","status-publish","has-post-thumbnail","hentry","tag-concert","tag-divee","tag-divees-lab","tag-dreamy-rap","tag-la-maison-des-cultures-de-saint-gilles","tag-musique","tag-sortie-de-residence","tribe_events_cat-concerts","cat_concerts"],"yoast_head":"<!-- This site is optimized with the Yoast SEO plugin v26.3 - https:\/\/yoast.com\/wordpress\/plugins\/seo\/ -->\n<title>Concert de sortie de r\u00e9sidence Divee \u2013 5 d\u00e9cembre \u00e0 18h30<\/title>\n<meta name=\"description\" content=\"Assistez au concert de sortie de r\u00e9sidence Divee le 5 d\u00e9cembre \u00e0 18h30. Entr\u00e9e gratuite et bar sur place. R\u00e9servation obligatoire.\" \/>\n<meta name=\"robots\" content=\"index, follow, max-snippet:-1, max-image-preview:large, max-video-preview:-1\" \/>\n<link rel=\"canonical\" href=\"https:\/\/mdc1060.brussels\/nl\/event\/concert-sortie-residence-divee\/\" \/>\n<meta property=\"og:locale\" content=\"nl_NL\" \/>\n<meta property=\"og:type\" content=\"article\" \/>\n<meta property=\"og:title\" content=\"Concert de sortie de r\u00e9sidence Divee \u2013 5 d\u00e9cembre \u00e0 18h30\" \/>\n<meta property=\"og:description\" content=\"Assistez au concert de sortie de r\u00e9sidence Divee le 5 d\u00e9cembre \u00e0 18h30. Entr\u00e9e gratuite et bar sur place. R\u00e9servation obligatoire.\" \/>\n<meta property=\"og:url\" content=\"https:\/\/mdc1060.brussels\/nl\/event\/concert-sortie-residence-divee\/\" \/>\n<meta property=\"og:site_name\" content=\"Maison des Cultures de Saint-Gilles\" \/>\n<meta property=\"article:publisher\" content=\"https:\/\/www.facebook.com\/Maisondesculturesdesaintgilles\" \/>\n<meta property=\"article:modified_time\" content=\"2025-11-26T15:21:41+00:00\" \/>\n<meta property=\"og:image\" content=\"https:\/\/mdc1060.brussels\/wp-content\/uploads\/2025\/11\/visuel-divee.jpg\" \/>\n\t<meta property=\"og:image:width\" content=\"2048\" \/>\n\t<meta property=\"og:image:height\" content=\"2048\" \/>\n\t<meta property=\"og:image:type\" content=\"image\/jpeg\" \/>\n<meta name=\"twitter:card\" content=\"summary_large_image\" \/>\n<meta name=\"twitter:label1\" content=\"Geschatte leestijd\" \/>\n\t<meta name=\"twitter:data1\" content=\"2 minuten\" \/>\n<script type=\"application\/ld+json\" class=\"yoast-schema-graph\">{\"@context\":\"https:\/\/schema.org\",\"@graph\":[{\"@type\":\"WebPage\",\"@id\":\"https:\/\/mdc1060.brussels\/nl\/event\/concert-sortie-residence-divee\/\",\"url\":\"https:\/\/mdc1060.brussels\/nl\/event\/concert-sortie-residence-divee\/\",\"name\":\"Concert de sortie de r\u00e9sidence Divee \u2013 5 d\u00e9cembre \u00e0 18h30\",\"isPartOf\":{\"@id\":\"https:\/\/mdc1060.brussels\/nl\/#website\"},\"primaryImageOfPage\":{\"@id\":\"https:\/\/mdc1060.brussels\/nl\/event\/concert-sortie-residence-divee\/#primaryimage\"},\"image\":{\"@id\":\"https:\/\/mdc1060.brussels\/nl\/event\/concert-sortie-residence-divee\/#primaryimage\"},\"thumbnailUrl\":\"https:\/\/mdc1060.brussels\/wp-content\/uploads\/2025\/11\/visuel-divee.jpg\",\"datePublished\":\"2025-11-26T15:15:07+00:00\",\"dateModified\":\"2025-11-26T15:21:41+00:00\",\"description\":\"Assistez au concert de sortie de r\u00e9sidence Divee le 5 d\u00e9cembre \u00e0 18h30. Entr\u00e9e gratuite et bar sur place. R\u00e9servation obligatoire.\",\"breadcrumb\":{\"@id\":\"https:\/\/mdc1060.brussels\/nl\/event\/concert-sortie-residence-divee\/#breadcrumb\"},\"inLanguage\":\"nl-NL\",\"potentialAction\":[{\"@type\":\"ReadAction\",\"target\":[\"https:\/\/mdc1060.brussels\/nl\/event\/concert-sortie-residence-divee\/\"]}]},{\"@type\":\"ImageObject\",\"inLanguage\":\"nl-NL\",\"@id\":\"https:\/\/mdc1060.brussels\/nl\/event\/concert-sortie-residence-divee\/#primaryimage\",\"url\":\"https:\/\/mdc1060.brussels\/wp-content\/uploads\/2025\/11\/visuel-divee.jpg\",\"contentUrl\":\"https:\/\/mdc1060.brussels\/wp-content\/uploads\/2025\/11\/visuel-divee.jpg\",\"width\":2048,\"height\":2048,\"caption\":\"\u00e9v\u00e9nement Divee's lab le 5 d\u00e9cembre \u00e0 18h30\"},{\"@type\":\"BreadcrumbList\",\"@id\":\"https:\/\/mdc1060.brussels\/nl\/event\/concert-sortie-residence-divee\/#breadcrumb\",\"itemListElement\":[{\"@type\":\"ListItem\",\"position\":1,\"name\":\"Accueil\",\"item\":\"https:\/\/mdc1060.brussels\/nl\/\"},{\"@type\":\"ListItem\",\"position\":2,\"name\":\"Evenementen\",\"item\":\"https:\/\/mdc1060.brussels\/nl\/events\/\"},{\"@type\":\"ListItem\",\"position\":3,\"name\":\"Divee : concert de sortie de r\u00e9sidence\"}]},{\"@type\":\"WebSite\",\"@id\":\"https:\/\/mdc1060.brussels\/nl\/#website\",\"url\":\"https:\/\/mdc1060.brussels\/nl\/\",\"name\":\"Maison des Cultures de Saint-Gilles\",\"description\":\"Concerts, th\u00e9\u00e2tre, danse, cirque, r\u00e9sidences, expos, ateliers, stages...\",\"potentialAction\":[{\"@type\":\"SearchAction\",\"target\":{\"@type\":\"EntryPoint\",\"urlTemplate\":\"https:\/\/mdc1060.brussels\/nl\/?s={search_term_string}\"},\"query-input\":{\"@type\":\"PropertyValueSpecification\",\"valueRequired\":true,\"valueName\":\"search_term_string\"}}],\"inLanguage\":\"nl-NL\"}]}<\/script>\n<!-- \/ Yoast SEO plugin. -->","yoast_head_json":{"title":"Concert de sortie de r\u00e9sidence Divee \u2013 5 d\u00e9cembre \u00e0 18h30","description":"Assistez au concert de sortie de r\u00e9sidence Divee le 5 d\u00e9cembre \u00e0 18h30. Entr\u00e9e gratuite et bar sur place. R\u00e9servation obligatoire.","robots":{"index":"index","follow":"follow","max-snippet":"max-snippet:-1","max-image-preview":"max-image-preview:large","max-video-preview":"max-video-preview:-1"},"canonical":"https:\/\/mdc1060.brussels\/nl\/event\/concert-sortie-residence-divee\/","og_locale":"nl_NL","og_type":"article","og_title":"Concert de sortie de r\u00e9sidence Divee \u2013 5 d\u00e9cembre \u00e0 18h30","og_description":"Assistez au concert de sortie de r\u00e9sidence Divee le 5 d\u00e9cembre \u00e0 18h30. Entr\u00e9e gratuite et bar sur place. R\u00e9servation obligatoire.","og_url":"https:\/\/mdc1060.brussels\/nl\/event\/concert-sortie-residence-divee\/","og_site_name":"Maison des Cultures de Saint-Gilles","article_publisher":"https:\/\/www.facebook.com\/Maisondesculturesdesaintgilles","article_modified_time":"2025-11-26T15:21:41+00:00","og_image":[{"width":2048,"height":2048,"url":"https:\/\/mdc1060.brussels\/wp-content\/uploads\/2025\/11\/visuel-divee.jpg","type":"image\/jpeg"}],"twitter_card":"summary_large_image","twitter_misc":{"Geschatte leestijd":"2 minuten"},"schema":{"@context":"https:\/\/schema.org","@graph":[{"@type":"WebPage","@id":"https:\/\/mdc1060.brussels\/nl\/event\/concert-sortie-residence-divee\/","url":"https:\/\/mdc1060.brussels\/nl\/event\/concert-sortie-residence-divee\/","name":"Concert de sortie de r\u00e9sidence Divee \u2013 5 d\u00e9cembre \u00e0 18h30","isPartOf":{"@id":"https:\/\/mdc1060.brussels\/nl\/#website"},"primaryImageOfPage":{"@id":"https:\/\/mdc1060.brussels\/nl\/event\/concert-sortie-residence-divee\/#primaryimage"},"image":{"@id":"https:\/\/mdc1060.brussels\/nl\/event\/concert-sortie-residence-divee\/#primaryimage"},"thumbnailUrl":"https:\/\/mdc1060.brussels\/wp-content\/uploads\/2025\/11\/visuel-divee.jpg","datePublished":"2025-11-26T15:15:07+00:00","dateModified":"2025-11-26T15:21:41+00:00","description":"Assistez au concert de sortie de r\u00e9sidence Divee le 5 d\u00e9cembre \u00e0 18h30. Entr\u00e9e gratuite et bar sur place. R\u00e9servation obligatoire.","breadcrumb":{"@id":"https:\/\/mdc1060.brussels\/nl\/event\/concert-sortie-residence-divee\/#breadcrumb"},"inLanguage":"nl-NL","potentialAction":[{"@type":"ReadAction","target":["https:\/\/mdc1060.brussels\/nl\/event\/concert-sortie-residence-divee\/"]}]},{"@type":"ImageObject","inLanguage":"nl-NL","@id":"https:\/\/mdc1060.brussels\/nl\/event\/concert-sortie-residence-divee\/#primaryimage","url":"https:\/\/mdc1060.brussels\/wp-content\/uploads\/2025\/11\/visuel-divee.jpg","contentUrl":"https:\/\/mdc1060.brussels\/wp-content\/uploads\/2025\/11\/visuel-divee.jpg","width":2048,"height":2048,"caption":"\u00e9v\u00e9nement Divee's lab le 5 d\u00e9cembre \u00e0 18h30"},{"@type":"BreadcrumbList","@id":"https:\/\/mdc1060.brussels\/nl\/event\/concert-sortie-residence-divee\/#breadcrumb","itemListElement":[{"@type":"ListItem","position":1,"name":"Accueil","item":"https:\/\/mdc1060.brussels\/nl\/"},{"@type":"ListItem","position":2,"name":"Evenementen","item":"https:\/\/mdc1060.brussels\/nl\/events\/"},{"@type":"ListItem","position":3,"name":"Divee : concert de sortie de r\u00e9sidence"}]},{"@type":"WebSite","@id":"https:\/\/mdc1060.brussels\/nl\/#website","url":"https:\/\/mdc1060.brussels\/nl\/","name":"Maison des Cultures de Saint-Gilles","description":"Concerts, th\u00e9\u00e2tre, danse, cirque, r\u00e9sidences, expos, ateliers, stages...","potentialAction":[{"@type":"SearchAction","target":{"@type":"EntryPoint","urlTemplate":"https:\/\/mdc1060.brussels\/nl\/?s={search_term_string}"},"query-input":{"@type":"PropertyValueSpecification","valueRequired":true,"valueName":"search_term_string"}}],"inLanguage":"nl-NL"}]}},"_links":{"self":[{"href":"https:\/\/mdc1060.brussels\/nl\/wp-json\/wp\/v2\/tribe_events\/16427","targetHints":{"allow":["GET"]}}],"collection":[{"href":"https:\/\/mdc1060.brussels\/nl\/wp-json\/wp\/v2\/tribe_events"}],"about":[{"href":"https:\/\/mdc1060.brussels\/nl\/wp-json\/wp\/v2\/types\/tribe_events"}],"author":[{"embeddable":true,"href":"https:\/\/mdc1060.brussels\/nl\/wp-json\/wp\/v2\/users\/5"}],"version-history":[{"count":1,"href":"https:\/\/mdc1060.brussels\/nl\/wp-json\/wp\/v2\/tribe_events\/16427\/revisions"}],"predecessor-version":[{"id":16430,"href":"https:\/\/mdc1060.brussels\/nl\/wp-json\/wp\/v2\/tribe_events\/16427\/revisions\/16430"}],"wp:featuredmedia":[{"embeddable":true,"href":"https:\/\/mdc1060.brussels\/nl\/wp-json\/wp\/v2\/media\/16434"}],"wp:attachment":[{"href":"https:\/\/mdc1060.brussels\/nl\/wp-json\/wp\/v2\/media?parent=16427"}],"wp:term":[{"taxonomy":"post_tag","embeddable":true,"href":"https:\/\/mdc1060.brussels\/nl\/wp-json\/wp\/v2\/tags?post=16427"},{"taxonomy":"tribe_events_cat","embeddable":true,"href":"https:\/\/mdc1060.brussels\/nl\/wp-json\/wp\/v2\/tribe_events_cat?post=16427"}],"curies":[{"name":"wp","href":"https:\/\/api.w.org\/{rel}","templated":true}]}}