{"id":16563,"date":"2026-01-21T17:08:26","date_gmt":"2026-01-21T16:08:26","guid":{"rendered":"https:\/\/mdc1060.brussels\/?post_type=tribe_events&#038;p=16563"},"modified":"2026-01-22T11:48:41","modified_gmt":"2026-01-22T10:48:41","slug":"stage-autour-de-limage-et-la-photo-enfants","status":"publish","type":"tribe_events","link":"https:\/\/mdc1060.brussels\/nl\/event\/stage-autour-de-limage-et-la-photo-enfants\/","title":{"rendered":"Stage de photo | Enfants | 16 &#8211; 20 f\u00e9vrier 2026"},"content":{"rendered":"<h3 data-start=\"2412\" data-end=\"2477\">Stage photo enfants \u00e0 Saint-Gilles : vacances de f\u00e9vrier 2026<\/h3>\n<p data-start=\"2479\" data-end=\"2821\">Ce <strong data-start=\"2482\" data-end=\"2505\">stage photo enfants<\/strong> organis\u00e9 \u00e0 Saint-Gilles pendant les <strong data-start=\"2542\" data-end=\"2570\">vacances de f\u00e9vrier 2026<\/strong> propose une immersion ludique et cr\u00e9ative dans l\u2019univers de la photographie. Pens\u00e9 comme une activit\u00e9 artistique accessible, ce stage permet aux enfants de d\u00e9couvrir l\u2019image sous toutes ses formes, tout en d\u00e9veloppant leur imagination et leur regard.<\/p>\n<h3 data-start=\"2823\" data-end=\"2868\">Un stage photo enfants cr\u00e9atif et ludique<\/h3>\n<p data-start=\"2870\" data-end=\"3101\">Pendant une semaine, les enfants exploreront les bases de la photographie \u00e0 travers des ateliers pratiques et exp\u00e9rimentaux. Il mettra l\u2019accent sur la manipulation, la curiosit\u00e9 et le plaisir de cr\u00e9er ensemble.<\/p>\n<p data-start=\"3103\" data-end=\"3145\">Les participants apprendront notamment \u00e0 :<\/p>\n<ul data-start=\"3146\" data-end=\"3375\">\n<li data-start=\"3146\" data-end=\"3208\">\n<p data-start=\"3148\" data-end=\"3208\">fabriquer un appareil photo \u00e0 partir de mat\u00e9riaux recycl\u00e9s<\/p>\n<\/li>\n<li data-start=\"3209\" data-end=\"3255\">\n<p data-start=\"3211\" data-end=\"3255\">r\u00e9aliser des photogrammes en chambre noire<\/p>\n<\/li>\n<li data-start=\"3256\" data-end=\"3375\">\n<p data-start=\"3258\" data-end=\"3375\">utiliser la photographie comme point de d\u00e9part pour la peinture, la gravure, le collage, la vid\u00e9o et la performance<\/p>\n<\/li>\n<\/ul>\n<p data-start=\"3377\" data-end=\"3568\">La photographie devient un <strong data-start=\"3404\" data-end=\"3426\">fil rouge narratif<\/strong>, permettant aux enfants de raconter des histoires, de faire des exp\u00e9riences artistiques et d\u2019explorer leur environnement de mani\u00e8re sensible.<\/p>\n<h3 data-start=\"3570\" data-end=\"3630\">Pourquoi choisir ce stage photo enfants \u00e0 Saint-Gilles ?<\/h3>\n<p data-start=\"3632\" data-end=\"3652\">Ce stage encourage :<\/p>\n<ul data-start=\"3653\" data-end=\"3777\">\n<li data-start=\"3653\" data-end=\"3698\">\n<p data-start=\"3655\" data-end=\"3698\">la cr\u00e9ativit\u00e9 et l\u2019expression personnelle<\/p>\n<\/li>\n<li data-start=\"3699\" data-end=\"3738\">\n<p data-start=\"3701\" data-end=\"3738\">l\u2019observation et le regard critique<\/p>\n<\/li>\n<li data-start=\"3739\" data-end=\"3777\">\n<p data-start=\"3741\" data-end=\"3777\">le travail collectif et le partage<\/p>\n<\/li>\n<\/ul>\n<p data-start=\"3779\" data-end=\"3991\">Les enfants d\u00e9couvriront \u00e9galement le quartier de Saint-Gilles avec un \u0153il nouveau, en observant les d\u00e9tails du quotidien et l\u2019architecture urbaine. Le stage est destin\u00e9 aux enfants de <strong>8\u00a0\u00e0 12 ans.<\/strong><\/p>\n<h3 data-start=\"1101\" data-end=\"1123\">Infos pratiques<\/h3>\n<p><span style=\"font-weight: 400;\">\ud83d\udcc5 <\/span><b>Dates :<\/b><span style=\"font-weight: 400;\"> du 16 au 20 f\u00e9vrier 2026<\/span><\/p>\n<p><span style=\"font-weight: 400;\">\u23f0 <\/span><b>Horaire : <\/b><span style=\"font-weight: 400;\">de 9h \u00e0 16h<\/span><\/p>\n<p><span style=\"font-weight: 400;\">\ud83d\udccd <\/span><b>Lieu :<\/b><span style=\"font-weight: 400;\"> Maison des Cultures de Saint-Gilles \u2013 120, Rue de Belgrade<\/span><\/p>\n<p><span style=\"font-weight: 400;\">\ud83d\udcb8 <\/span><b>Gratuit &#8211; inscription obligatoire<\/b><\/p>\n<p><span style=\"font-weight: 400;\">\u2709\ufe0f <\/span><b>Inscriptions :<\/b><span style=\"font-weight: 400;\"> envoyez un mail \u00e0 mjaber@stgilles.brussels\u00a0<\/span><\/p>\n<p><span style=\"font-weight: 400;\">\ud83d\udc5f <\/span><strong>Pr\u00e9voir un pique nique et des v\u00eatements confortables<\/strong><\/p>\n<p>\ud83d\udc49 D\u00e9couvrez aussi nos autres <a data-start=\"4023\" data-end=\"4075\" class=\"decorated-link cursor-pointer\" rel=\"noopener\" href=\"https:\/\/mdc1060.brussels\/stage-de-danse-pour-enfants\/\">stages cr\u00e9atifs pour enfants.\u00a0<\/a><\/p>\n<p><img decoding=\"async\" src=\"https:\/\/mdc1060.brussels\/wp-content\/uploads\/2025\/10\/Stage_04-150x150.jpg\" alt=\"stage photo enfant \" width=\"150\" height=\"150\" class=\"alignnone wp-image-16422 size-thumbnail\" \/><img decoding=\"async\" src=\"https:\/\/mdc1060.brussels\/wp-content\/uploads\/2025\/10\/Stage_05-150x150.jpg\" alt=\"stage photo enfant \" width=\"150\" height=\"150\" class=\"alignnone wp-image-16421 size-thumbnail\" \/><img decoding=\"async\" src=\"https:\/\/mdc1060.brussels\/wp-content\/uploads\/2025\/10\/Stage_01-150x150.jpg\" alt=\"stage photo enfant \" width=\"150\" height=\"150\" class=\"alignnone wp-image-16420 size-thumbnail\" \/><img loading=\"lazy\" decoding=\"async\" src=\"https:\/\/mdc1060.brussels\/wp-content\/uploads\/2025\/10\/Stage_03-150x150.jpg\" alt=\"stage photo enfant \" width=\"150\" height=\"150\" class=\"alignnone wp-image-16423 size-thumbnail\" \/><img loading=\"lazy\" decoding=\"async\" src=\"https:\/\/mdc1060.brussels\/wp-content\/uploads\/2025\/10\/Stage_02-150x150.jpg\" alt=\"\" width=\"150\" height=\"150\" class=\"alignnone wp-image-16424 size-thumbnail\" \/><\/p>\n","protected":false},"excerpt":{"rendered":"<p>Stage photo enfants \u00e0 Saint-Gilles : vacances de f\u00e9vrier 2026 Ce stage photo enfants organis\u00e9 \u00e0 Saint-Gilles pendant les vacances de f\u00e9vrier 2026 propose une immersion ludique et cr\u00e9ative dans l\u2019univers de la photographie. Pens\u00e9 comme une activit\u00e9 artistique accessible, ce stage permet aux enfants de d\u00e9couvrir l\u2019image sous toutes [&hellip;]<\/p>\n","protected":false},"author":5,"featured_media":16593,"template":"","meta":{"_tribe_events_status":"","_tribe_events_status_reason":"","_tribe_events_is_hybrid":"","_tribe_events_is_virtual":"","_tribe_events_virtual_video_source":"","_tribe_events_virtual_embed_video":"","_tribe_events_virtual_linked_button_text":"","_tribe_events_virtual_linked_button":"","_tribe_events_virtual_show_embed_at":"","_tribe_events_virtual_show_embed_to":[],"_tribe_events_virtual_show_on_event":"","_tribe_events_virtual_show_on_views":"","_tribe_events_virtual_url":"","footnotes":""},"tags":[174,422,150,151],"tribe_events_cat":[32],"class_list":["post-16563","tribe_events","type-tribe_events","status-publish","has-post-thumbnail","hentry","tag-enfants","tag-photo","tag-photographie","tag-stage","tribe_events_cat-stages","cat_stages"],"yoast_head":"<!-- This site is optimized with the Yoast SEO plugin v26.3 - https:\/\/yoast.com\/wordpress\/plugins\/seo\/ -->\n<title>stage photo enfants Stage de photo | Enfants | 16 - 20 f\u00e9vrier 2026 - Maison des Cultures de Saint-Gilles<\/title>\n<meta name=\"description\" content=\"Stage photo enfants \u00e0 Saint-Gilles pendant les vacances de f\u00e9vrier 2026. Ateliers cr\u00e9atifs, photographie et arts visuels. Gratuit\" \/>\n<meta name=\"robots\" content=\"index, follow, max-snippet:-1, max-image-preview:large, max-video-preview:-1\" \/>\n<link rel=\"canonical\" href=\"https:\/\/mdc1060.brussels\/nl\/event\/stage-autour-de-limage-et-la-photo-enfants\/\" \/>\n<meta property=\"og:locale\" content=\"nl_NL\" \/>\n<meta property=\"og:type\" content=\"article\" \/>\n<meta property=\"og:title\" content=\"stage photo enfants Stage de photo | Enfants | 16 - 20 f\u00e9vrier 2026 - Maison des Cultures de Saint-Gilles\" \/>\n<meta property=\"og:description\" content=\"Stage photo enfants \u00e0 Saint-Gilles pendant les vacances de f\u00e9vrier 2026. Ateliers cr\u00e9atifs, photographie et arts visuels. Gratuit\" \/>\n<meta property=\"og:url\" content=\"https:\/\/mdc1060.brussels\/nl\/event\/stage-autour-de-limage-et-la-photo-enfants\/\" \/>\n<meta property=\"og:site_name\" content=\"Maison des Cultures de Saint-Gilles\" \/>\n<meta property=\"article:publisher\" content=\"https:\/\/www.facebook.com\/Maisondesculturesdesaintgilles\" \/>\n<meta property=\"article:modified_time\" content=\"2026-01-22T10:48:41+00:00\" \/>\n<meta property=\"og:image\" content=\"https:\/\/mdc1060.brussels\/wp-content\/uploads\/2026\/01\/stage-photo.jpg\" \/>\n\t<meta property=\"og:image:width\" content=\"2048\" \/>\n\t<meta property=\"og:image:height\" content=\"2048\" \/>\n\t<meta property=\"og:image:type\" content=\"image\/jpeg\" \/>\n<meta name=\"twitter:card\" content=\"summary_large_image\" \/>\n<meta name=\"twitter:label1\" content=\"Geschatte leestijd\" \/>\n\t<meta name=\"twitter:data1\" content=\"3 minuten\" \/>\n<script type=\"application\/ld+json\" class=\"yoast-schema-graph\">{\"@context\":\"https:\/\/schema.org\",\"@graph\":[{\"@type\":\"WebPage\",\"@id\":\"https:\/\/mdc1060.brussels\/nl\/event\/stage-autour-de-limage-et-la-photo-enfants\/\",\"url\":\"https:\/\/mdc1060.brussels\/nl\/event\/stage-autour-de-limage-et-la-photo-enfants\/\",\"name\":\"stage photo enfants Stage de photo | Enfants | 16 - 20 f\u00e9vrier 2026 - Maison des Cultures de Saint-Gilles\",\"isPartOf\":{\"@id\":\"https:\/\/mdc1060.brussels\/nl\/#website\"},\"primaryImageOfPage\":{\"@id\":\"https:\/\/mdc1060.brussels\/nl\/event\/stage-autour-de-limage-et-la-photo-enfants\/#primaryimage\"},\"image\":{\"@id\":\"https:\/\/mdc1060.brussels\/nl\/event\/stage-autour-de-limage-et-la-photo-enfants\/#primaryimage\"},\"thumbnailUrl\":\"https:\/\/mdc1060.brussels\/wp-content\/uploads\/2026\/01\/stage-photo.jpg\",\"datePublished\":\"2026-01-21T16:08:26+00:00\",\"dateModified\":\"2026-01-22T10:48:41+00:00\",\"description\":\"Stage photo enfants \u00e0 Saint-Gilles pendant les vacances de f\u00e9vrier 2026. Ateliers cr\u00e9atifs, photographie et arts visuels. Gratuit\",\"breadcrumb\":{\"@id\":\"https:\/\/mdc1060.brussels\/nl\/event\/stage-autour-de-limage-et-la-photo-enfants\/#breadcrumb\"},\"inLanguage\":\"nl-NL\",\"potentialAction\":[{\"@type\":\"ReadAction\",\"target\":[\"https:\/\/mdc1060.brussels\/nl\/event\/stage-autour-de-limage-et-la-photo-enfants\/\"]}]},{\"@type\":\"ImageObject\",\"inLanguage\":\"nl-NL\",\"@id\":\"https:\/\/mdc1060.brussels\/nl\/event\/stage-autour-de-limage-et-la-photo-enfants\/#primaryimage\",\"url\":\"https:\/\/mdc1060.brussels\/wp-content\/uploads\/2026\/01\/stage-photo.jpg\",\"contentUrl\":\"https:\/\/mdc1060.brussels\/wp-content\/uploads\/2026\/01\/stage-photo.jpg\",\"width\":2048,\"height\":2048,\"caption\":\"stage enfants photo\"},{\"@type\":\"BreadcrumbList\",\"@id\":\"https:\/\/mdc1060.brussels\/nl\/event\/stage-autour-de-limage-et-la-photo-enfants\/#breadcrumb\",\"itemListElement\":[{\"@type\":\"ListItem\",\"position\":1,\"name\":\"Accueil\",\"item\":\"https:\/\/mdc1060.brussels\/nl\/\"},{\"@type\":\"ListItem\",\"position\":2,\"name\":\"Evenementen\",\"item\":\"https:\/\/mdc1060.brussels\/nl\/events\/\"},{\"@type\":\"ListItem\",\"position\":3,\"name\":\"Stage de photo | Enfants | 16 &#8211; 20 f\u00e9vrier 2026\"}]},{\"@type\":\"WebSite\",\"@id\":\"https:\/\/mdc1060.brussels\/nl\/#website\",\"url\":\"https:\/\/mdc1060.brussels\/nl\/\",\"name\":\"Maison des Cultures de Saint-Gilles\",\"description\":\"Concerts, th\u00e9\u00e2tre, danse, cirque, r\u00e9sidences, expos, ateliers, stages...\",\"potentialAction\":[{\"@type\":\"SearchAction\",\"target\":{\"@type\":\"EntryPoint\",\"urlTemplate\":\"https:\/\/mdc1060.brussels\/nl\/?s={search_term_string}\"},\"query-input\":{\"@type\":\"PropertyValueSpecification\",\"valueRequired\":true,\"valueName\":\"search_term_string\"}}],\"inLanguage\":\"nl-NL\"}]}<\/script>\n<!-- \/ Yoast SEO plugin. -->","yoast_head_json":{"title":"stage photo enfants Stage de photo | Enfants | 16 - 20 f\u00e9vrier 2026 - Maison des Cultures de Saint-Gilles","description":"Stage photo enfants \u00e0 Saint-Gilles pendant les vacances de f\u00e9vrier 2026. Ateliers cr\u00e9atifs, photographie et arts visuels. Gratuit","robots":{"index":"index","follow":"follow","max-snippet":"max-snippet:-1","max-image-preview":"max-image-preview:large","max-video-preview":"max-video-preview:-1"},"canonical":"https:\/\/mdc1060.brussels\/nl\/event\/stage-autour-de-limage-et-la-photo-enfants\/","og_locale":"nl_NL","og_type":"article","og_title":"stage photo enfants Stage de photo | Enfants | 16 - 20 f\u00e9vrier 2026 - Maison des Cultures de Saint-Gilles","og_description":"Stage photo enfants \u00e0 Saint-Gilles pendant les vacances de f\u00e9vrier 2026. Ateliers cr\u00e9atifs, photographie et arts visuels. Gratuit","og_url":"https:\/\/mdc1060.brussels\/nl\/event\/stage-autour-de-limage-et-la-photo-enfants\/","og_site_name":"Maison des Cultures de Saint-Gilles","article_publisher":"https:\/\/www.facebook.com\/Maisondesculturesdesaintgilles","article_modified_time":"2026-01-22T10:48:41+00:00","og_image":[{"width":2048,"height":2048,"url":"https:\/\/mdc1060.brussels\/wp-content\/uploads\/2026\/01\/stage-photo.jpg","type":"image\/jpeg"}],"twitter_card":"summary_large_image","twitter_misc":{"Geschatte leestijd":"3 minuten"},"schema":{"@context":"https:\/\/schema.org","@graph":[{"@type":"WebPage","@id":"https:\/\/mdc1060.brussels\/nl\/event\/stage-autour-de-limage-et-la-photo-enfants\/","url":"https:\/\/mdc1060.brussels\/nl\/event\/stage-autour-de-limage-et-la-photo-enfants\/","name":"stage photo enfants Stage de photo | Enfants | 16 - 20 f\u00e9vrier 2026 - Maison des Cultures de Saint-Gilles","isPartOf":{"@id":"https:\/\/mdc1060.brussels\/nl\/#website"},"primaryImageOfPage":{"@id":"https:\/\/mdc1060.brussels\/nl\/event\/stage-autour-de-limage-et-la-photo-enfants\/#primaryimage"},"image":{"@id":"https:\/\/mdc1060.brussels\/nl\/event\/stage-autour-de-limage-et-la-photo-enfants\/#primaryimage"},"thumbnailUrl":"https:\/\/mdc1060.brussels\/wp-content\/uploads\/2026\/01\/stage-photo.jpg","datePublished":"2026-01-21T16:08:26+00:00","dateModified":"2026-01-22T10:48:41+00:00","description":"Stage photo enfants \u00e0 Saint-Gilles pendant les vacances de f\u00e9vrier 2026. Ateliers cr\u00e9atifs, photographie et arts visuels. Gratuit","breadcrumb":{"@id":"https:\/\/mdc1060.brussels\/nl\/event\/stage-autour-de-limage-et-la-photo-enfants\/#breadcrumb"},"inLanguage":"nl-NL","potentialAction":[{"@type":"ReadAction","target":["https:\/\/mdc1060.brussels\/nl\/event\/stage-autour-de-limage-et-la-photo-enfants\/"]}]},{"@type":"ImageObject","inLanguage":"nl-NL","@id":"https:\/\/mdc1060.brussels\/nl\/event\/stage-autour-de-limage-et-la-photo-enfants\/#primaryimage","url":"https:\/\/mdc1060.brussels\/wp-content\/uploads\/2026\/01\/stage-photo.jpg","contentUrl":"https:\/\/mdc1060.brussels\/wp-content\/uploads\/2026\/01\/stage-photo.jpg","width":2048,"height":2048,"caption":"stage enfants photo"},{"@type":"BreadcrumbList","@id":"https:\/\/mdc1060.brussels\/nl\/event\/stage-autour-de-limage-et-la-photo-enfants\/#breadcrumb","itemListElement":[{"@type":"ListItem","position":1,"name":"Accueil","item":"https:\/\/mdc1060.brussels\/nl\/"},{"@type":"ListItem","position":2,"name":"Evenementen","item":"https:\/\/mdc1060.brussels\/nl\/events\/"},{"@type":"ListItem","position":3,"name":"Stage de photo | Enfants | 16 &#8211; 20 f\u00e9vrier 2026"}]},{"@type":"WebSite","@id":"https:\/\/mdc1060.brussels\/nl\/#website","url":"https:\/\/mdc1060.brussels\/nl\/","name":"Maison des Cultures de Saint-Gilles","description":"Concerts, th\u00e9\u00e2tre, danse, cirque, r\u00e9sidences, expos, ateliers, stages...","potentialAction":[{"@type":"SearchAction","target":{"@type":"EntryPoint","urlTemplate":"https:\/\/mdc1060.brussels\/nl\/?s={search_term_string}"},"query-input":{"@type":"PropertyValueSpecification","valueRequired":true,"valueName":"search_term_string"}}],"inLanguage":"nl-NL"}]}},"_links":{"self":[{"href":"https:\/\/mdc1060.brussels\/nl\/wp-json\/wp\/v2\/tribe_events\/16563","targetHints":{"allow":["GET"]}}],"collection":[{"href":"https:\/\/mdc1060.brussels\/nl\/wp-json\/wp\/v2\/tribe_events"}],"about":[{"href":"https:\/\/mdc1060.brussels\/nl\/wp-json\/wp\/v2\/types\/tribe_events"}],"author":[{"embeddable":true,"href":"https:\/\/mdc1060.brussels\/nl\/wp-json\/wp\/v2\/users\/5"}],"version-history":[{"count":4,"href":"https:\/\/mdc1060.brussels\/nl\/wp-json\/wp\/v2\/tribe_events\/16563\/revisions"}],"predecessor-version":[{"id":16598,"href":"https:\/\/mdc1060.brussels\/nl\/wp-json\/wp\/v2\/tribe_events\/16563\/revisions\/16598"}],"wp:featuredmedia":[{"embeddable":true,"href":"https:\/\/mdc1060.brussels\/nl\/wp-json\/wp\/v2\/media\/16593"}],"wp:attachment":[{"href":"https:\/\/mdc1060.brussels\/nl\/wp-json\/wp\/v2\/media?parent=16563"}],"wp:term":[{"taxonomy":"post_tag","embeddable":true,"href":"https:\/\/mdc1060.brussels\/nl\/wp-json\/wp\/v2\/tags?post=16563"},{"taxonomy":"tribe_events_cat","embeddable":true,"href":"https:\/\/mdc1060.brussels\/nl\/wp-json\/wp\/v2\/tribe_events_cat?post=16563"}],"curies":[{"name":"wp","href":"https:\/\/api.w.org\/{rel}","templated":true}]}}