{"id":16604,"date":"2026-01-22T15:24:03","date_gmt":"2026-01-22T14:24:03","guid":{"rendered":"https:\/\/mdc1060.brussels\/?post_type=tribe_events&#038;p=16604"},"modified":"2026-01-22T15:24:03","modified_gmt":"2026-01-22T14:24:03","slug":"soiree-open-mic-rap-saint-gilles","status":"publish","type":"tribe_events","link":"https:\/\/mdc1060.brussels\/nl\/event\/soiree-open-mic-rap-saint-gilles\/","title":{"rendered":"Sc\u00e8ne ouverte de RAP | INSTINCT | 23 avril 2026"},"content":{"rendered":"<div data-olk-copy-source=\"MailCompose\">\n<h3 data-start=\"1385\" data-end=\"1452\">\ud83c\udfa4 Soir\u00e9e open-mic rap \u00e0 la Maison des Cultures de Saint-Gilles<\/h3>\n<p data-start=\"1454\" data-end=\"1567\"><strong data-start=\"1454\" data-end=\"1497\">\ud83d\udcc5 Mercredi 23 avril | \u23f0 de 18h30 \u00e0 23h<\/strong><br data-start=\"1497\" data-end=\"1500\" \/>\ud83c\udf9f\ufe0f <strong data-start=\"1504\" data-end=\"1523\">Entr\u00e9e gratuite<\/strong><br data-start=\"1523\" data-end=\"1526\" \/>\ud83c\udf79 <strong data-start=\"1529\" data-end=\"1567\">Bar et petite restauration d\u00e8s 18h<\/strong><\/p>\n<p data-start=\"1569\" data-end=\"1848\">La <strong data-start=\"1572\" data-end=\"1636\">soir\u00e9e open-mic rap \u00e0 la Maison des Cultures de Saint-Gilles<\/strong> est pens\u00e9e comme un espace d\u2019expression libre d\u00e9di\u00e9 aux talents \u00e9mergents. En partenariat avec le <strong data-start=\"1735\" data-end=\"1753\">label Instinct<\/strong>, cette soir\u00e9e met \u00e0 l\u2019honneur la cr\u00e9ativit\u00e9, l\u2019\u00e9nergie et la diversit\u00e9 de la sc\u00e8ne rap locale.<\/p>\n<h3 data-start=\"1850\" data-end=\"1898\">\ud83d\udd25 Une sc\u00e8ne ouverte rap d\u00e9di\u00e9e aux artistes<\/h3>\n<p data-start=\"1899\" data-end=\"2283\">Que vous soyez passionn\u00e9 de rap, simple curieux ou artiste en qu\u00eate de sc\u00e8ne, cet <strong data-start=\"1981\" data-end=\"2012\">open-mic rap \u00e0 Saint-Gilles<\/strong> vous offre l\u2019opportunit\u00e9 de d\u00e9couvrir de nouveaux univers musicaux. Les participant(e)s, qu\u2019ils soient spontan\u00e9s ou <strong data-start=\"2129\" data-end=\"2155\">s\u00e9lectionn\u00e9s par Manzo<\/strong>, artiste-entrepreneur belge et fondateur du label Instinct, se succ\u00e9deront au micro pour partager leurs textes et leur \u00e9nergie.<\/p>\n<h3 data-start=\"2285\" data-end=\"2326\">\ud83c\udfa7 Au programme de la soir\u00e9e open-mic<\/h3>\n<ul data-start=\"2327\" data-end=\"2476\">\n<li data-start=\"2327\" data-end=\"2366\">\n<p data-start=\"2329\" data-end=\"2366\">Un <strong data-start=\"2332\" data-end=\"2338\">DJ<\/strong> pour installer l\u2019ambiance<\/p>\n<\/li>\n<li data-start=\"2367\" data-end=\"2419\">\n<p data-start=\"2369\" data-end=\"2419\">Un <strong data-start=\"2372\" data-end=\"2388\">open-mic rap<\/strong> ouvert aux talents \u00e9mergents<\/p>\n<\/li>\n<li data-start=\"2420\" data-end=\"2476\">\n<p data-start=\"2422\" data-end=\"2476\">Une soir\u00e9e rythm\u00e9e par la <strong data-start=\"2448\" data-end=\"2476\">cr\u00e9ativit\u00e9 et le partage<\/strong><\/p>\n<\/li>\n<\/ul>\n<p data-start=\"2478\" data-end=\"2579\">Cet \u00e9v\u00e9nement favorise les \u00e9changes, les rencontres et la d\u00e9couverte de nouveaux projets artistiques.<\/p>\n<h3 data-start=\"2581\" data-end=\"2626\">\ud83e\udd1d Une soir\u00e9e de rencontres et de partage<\/h3>\n<p data-start=\"2627\" data-end=\"2843\">Au-del\u00e0 des performances, la <strong data-start=\"2656\" data-end=\"2679\">soir\u00e9e open-mic rap<\/strong> encourage les <strong data-start=\"2694\" data-end=\"2735\">interactions entre artistes et public<\/strong>. Elle s\u2019inscrit dans une d\u00e9marche culturelle accessible, port\u00e9e par la Maison des Cultures de Saint-Gilles.<\/p>\n<p data-start=\"2845\" data-end=\"2948\">\ud83d\udc49 <strong data-start=\"2848\" data-end=\"2885\">Rendez-vous le 23 avril d\u00e8s 18h30<\/strong> pour une soir\u00e9e musicale gratuite, authentique et f\u00e9d\u00e9ratrice<\/p>\n<p data-start=\"2845\" data-end=\"2948\">R\u00e9servation gratuite: <a href=\"https:\/\/www.billetweb.fr\/scenes-ouvertes-instinct-x-mdc1\">https:\/\/www.billetweb.fr\/scenes-ouvertes-instinct-x-mdc1<\/a><\/p>\n<\/div>\n","protected":false},"excerpt":{"rendered":"<p>La soir\u00e9e open-mic rap \u00e0 la Maison des Cultures de Saint-Gilles est un rendez-vous incontournable pour les amateurs de musique urbaine et de d\u00e9couvertes artistiques. Organis\u00e9 en collaboration avec le label Instinct, cet \u00e9v\u00e9nement met en lumi\u00e8re la sc\u00e8ne rap \u00e9mergente dans une ambiance conviviale et inclusive.<\/p>\n","protected":false},"author":5,"featured_media":16608,"template":"","meta":{"_tribe_events_status":"","_tribe_events_status_reason":"","_tribe_events_is_hybrid":"","_tribe_events_is_virtual":"","_tribe_events_virtual_video_source":"","_tribe_events_virtual_embed_video":"","_tribe_events_virtual_linked_button_text":"","_tribe_events_virtual_linked_button":"","_tribe_events_virtual_show_embed_at":"","_tribe_events_virtual_show_embed_to":[],"_tribe_events_virtual_show_on_event":"","_tribe_events_virtual_show_on_views":"","_tribe_events_virtual_url":"","footnotes":""},"tags":[425,299,310,298],"tribe_events_cat":[418],"class_list":["post-16604","tribe_events","type-tribe_events","status-publish","has-post-thumbnail","hentry","tag-label-instinct","tag-musique","tag-rap","tag-scene-ouverte","tribe_events_cat-scene-ouverte","cat_scene-ouverte"],"yoast_head":"<!-- This site is optimized with the Yoast SEO plugin v26.3 - https:\/\/yoast.com\/wordpress\/plugins\/seo\/ -->\n<title>Soir\u00e9e open-mic rap \u00e0 la Maison des Cultures de Saint-Gilles<\/title>\n<meta name=\"description\" content=\"Soir\u00e9e open-mic rap gratuite \u00e0 la Maison des Cultures de Saint-Gilles le 23 avril. DJ, talents \u00e9mergents et ambiance musicale d\u00e8s 18h30.\" \/>\n<meta name=\"robots\" content=\"index, follow, max-snippet:-1, max-image-preview:large, max-video-preview:-1\" \/>\n<link rel=\"canonical\" href=\"https:\/\/mdc1060.brussels\/nl\/event\/soiree-open-mic-rap-saint-gilles\/\" \/>\n<meta property=\"og:locale\" content=\"nl_NL\" \/>\n<meta property=\"og:type\" content=\"article\" \/>\n<meta property=\"og:title\" content=\"Soir\u00e9e open-mic rap \u00e0 la Maison des Cultures de Saint-Gilles\" \/>\n<meta property=\"og:description\" content=\"Soir\u00e9e open-mic rap gratuite \u00e0 la Maison des Cultures de Saint-Gilles le 23 avril. DJ, talents \u00e9mergents et ambiance musicale d\u00e8s 18h30.\" \/>\n<meta property=\"og:url\" content=\"https:\/\/mdc1060.brussels\/nl\/event\/soiree-open-mic-rap-saint-gilles\/\" \/>\n<meta property=\"og:site_name\" content=\"Maison des Cultures de Saint-Gilles\" \/>\n<meta property=\"article:publisher\" content=\"https:\/\/www.facebook.com\/Maisondesculturesdesaintgilles\" \/>\n<meta property=\"og:image\" content=\"https:\/\/mdc1060.brussels\/wp-content\/uploads\/2026\/01\/scene-ouverte-rap.jpg\" \/>\n\t<meta property=\"og:image:width\" content=\"2048\" \/>\n\t<meta property=\"og:image:height\" content=\"2048\" \/>\n\t<meta property=\"og:image:type\" content=\"image\/jpeg\" \/>\n<meta name=\"twitter:card\" content=\"summary_large_image\" \/>\n<meta name=\"twitter:label1\" content=\"Geschatte leestijd\" \/>\n\t<meta name=\"twitter:data1\" content=\"2 minuten\" \/>\n<script type=\"application\/ld+json\" class=\"yoast-schema-graph\">{\"@context\":\"https:\/\/schema.org\",\"@graph\":[{\"@type\":\"WebPage\",\"@id\":\"https:\/\/mdc1060.brussels\/nl\/event\/soiree-open-mic-rap-saint-gilles\/\",\"url\":\"https:\/\/mdc1060.brussels\/nl\/event\/soiree-open-mic-rap-saint-gilles\/\",\"name\":\"Soir\u00e9e open-mic rap \u00e0 la Maison des Cultures de Saint-Gilles\",\"isPartOf\":{\"@id\":\"https:\/\/mdc1060.brussels\/nl\/#website\"},\"primaryImageOfPage\":{\"@id\":\"https:\/\/mdc1060.brussels\/nl\/event\/soiree-open-mic-rap-saint-gilles\/#primaryimage\"},\"image\":{\"@id\":\"https:\/\/mdc1060.brussels\/nl\/event\/soiree-open-mic-rap-saint-gilles\/#primaryimage\"},\"thumbnailUrl\":\"https:\/\/mdc1060.brussels\/wp-content\/uploads\/2026\/01\/scene-ouverte-rap.jpg\",\"datePublished\":\"2026-01-22T14:24:03+00:00\",\"description\":\"Soir\u00e9e open-mic rap gratuite \u00e0 la Maison des Cultures de Saint-Gilles le 23 avril. DJ, talents \u00e9mergents et ambiance musicale d\u00e8s 18h30.\",\"breadcrumb\":{\"@id\":\"https:\/\/mdc1060.brussels\/nl\/event\/soiree-open-mic-rap-saint-gilles\/#breadcrumb\"},\"inLanguage\":\"nl-NL\",\"potentialAction\":[{\"@type\":\"ReadAction\",\"target\":[\"https:\/\/mdc1060.brussels\/nl\/event\/soiree-open-mic-rap-saint-gilles\/\"]}]},{\"@type\":\"ImageObject\",\"inLanguage\":\"nl-NL\",\"@id\":\"https:\/\/mdc1060.brussels\/nl\/event\/soiree-open-mic-rap-saint-gilles\/#primaryimage\",\"url\":\"https:\/\/mdc1060.brussels\/wp-content\/uploads\/2026\/01\/scene-ouverte-rap.jpg\",\"contentUrl\":\"https:\/\/mdc1060.brussels\/wp-content\/uploads\/2026\/01\/scene-ouverte-rap.jpg\",\"width\":2048,\"height\":2048},{\"@type\":\"BreadcrumbList\",\"@id\":\"https:\/\/mdc1060.brussels\/nl\/event\/soiree-open-mic-rap-saint-gilles\/#breadcrumb\",\"itemListElement\":[{\"@type\":\"ListItem\",\"position\":1,\"name\":\"Accueil\",\"item\":\"https:\/\/mdc1060.brussels\/nl\/\"},{\"@type\":\"ListItem\",\"position\":2,\"name\":\"Evenementen\",\"item\":\"https:\/\/mdc1060.brussels\/nl\/events\/\"},{\"@type\":\"ListItem\",\"position\":3,\"name\":\"Sc\u00e8ne ouverte de RAP | INSTINCT | 23 avril 2026\"}]},{\"@type\":\"WebSite\",\"@id\":\"https:\/\/mdc1060.brussels\/nl\/#website\",\"url\":\"https:\/\/mdc1060.brussels\/nl\/\",\"name\":\"Maison des Cultures de Saint-Gilles\",\"description\":\"Concerts, th\u00e9\u00e2tre, danse, cirque, r\u00e9sidences, expos, ateliers, stages...\",\"potentialAction\":[{\"@type\":\"SearchAction\",\"target\":{\"@type\":\"EntryPoint\",\"urlTemplate\":\"https:\/\/mdc1060.brussels\/nl\/?s={search_term_string}\"},\"query-input\":{\"@type\":\"PropertyValueSpecification\",\"valueRequired\":true,\"valueName\":\"search_term_string\"}}],\"inLanguage\":\"nl-NL\"}]}<\/script>\n<!-- \/ Yoast SEO plugin. -->","yoast_head_json":{"title":"Soir\u00e9e open-mic rap \u00e0 la Maison des Cultures de Saint-Gilles","description":"Soir\u00e9e open-mic rap gratuite \u00e0 la Maison des Cultures de Saint-Gilles le 23 avril. DJ, talents \u00e9mergents et ambiance musicale d\u00e8s 18h30.","robots":{"index":"index","follow":"follow","max-snippet":"max-snippet:-1","max-image-preview":"max-image-preview:large","max-video-preview":"max-video-preview:-1"},"canonical":"https:\/\/mdc1060.brussels\/nl\/event\/soiree-open-mic-rap-saint-gilles\/","og_locale":"nl_NL","og_type":"article","og_title":"Soir\u00e9e open-mic rap \u00e0 la Maison des Cultures de Saint-Gilles","og_description":"Soir\u00e9e open-mic rap gratuite \u00e0 la Maison des Cultures de Saint-Gilles le 23 avril. DJ, talents \u00e9mergents et ambiance musicale d\u00e8s 18h30.","og_url":"https:\/\/mdc1060.brussels\/nl\/event\/soiree-open-mic-rap-saint-gilles\/","og_site_name":"Maison des Cultures de Saint-Gilles","article_publisher":"https:\/\/www.facebook.com\/Maisondesculturesdesaintgilles","og_image":[{"width":2048,"height":2048,"url":"https:\/\/mdc1060.brussels\/wp-content\/uploads\/2026\/01\/scene-ouverte-rap.jpg","type":"image\/jpeg"}],"twitter_card":"summary_large_image","twitter_misc":{"Geschatte leestijd":"2 minuten"},"schema":{"@context":"https:\/\/schema.org","@graph":[{"@type":"WebPage","@id":"https:\/\/mdc1060.brussels\/nl\/event\/soiree-open-mic-rap-saint-gilles\/","url":"https:\/\/mdc1060.brussels\/nl\/event\/soiree-open-mic-rap-saint-gilles\/","name":"Soir\u00e9e open-mic rap \u00e0 la Maison des Cultures de Saint-Gilles","isPartOf":{"@id":"https:\/\/mdc1060.brussels\/nl\/#website"},"primaryImageOfPage":{"@id":"https:\/\/mdc1060.brussels\/nl\/event\/soiree-open-mic-rap-saint-gilles\/#primaryimage"},"image":{"@id":"https:\/\/mdc1060.brussels\/nl\/event\/soiree-open-mic-rap-saint-gilles\/#primaryimage"},"thumbnailUrl":"https:\/\/mdc1060.brussels\/wp-content\/uploads\/2026\/01\/scene-ouverte-rap.jpg","datePublished":"2026-01-22T14:24:03+00:00","description":"Soir\u00e9e open-mic rap gratuite \u00e0 la Maison des Cultures de Saint-Gilles le 23 avril. DJ, talents \u00e9mergents et ambiance musicale d\u00e8s 18h30.","breadcrumb":{"@id":"https:\/\/mdc1060.brussels\/nl\/event\/soiree-open-mic-rap-saint-gilles\/#breadcrumb"},"inLanguage":"nl-NL","potentialAction":[{"@type":"ReadAction","target":["https:\/\/mdc1060.brussels\/nl\/event\/soiree-open-mic-rap-saint-gilles\/"]}]},{"@type":"ImageObject","inLanguage":"nl-NL","@id":"https:\/\/mdc1060.brussels\/nl\/event\/soiree-open-mic-rap-saint-gilles\/#primaryimage","url":"https:\/\/mdc1060.brussels\/wp-content\/uploads\/2026\/01\/scene-ouverte-rap.jpg","contentUrl":"https:\/\/mdc1060.brussels\/wp-content\/uploads\/2026\/01\/scene-ouverte-rap.jpg","width":2048,"height":2048},{"@type":"BreadcrumbList","@id":"https:\/\/mdc1060.brussels\/nl\/event\/soiree-open-mic-rap-saint-gilles\/#breadcrumb","itemListElement":[{"@type":"ListItem","position":1,"name":"Accueil","item":"https:\/\/mdc1060.brussels\/nl\/"},{"@type":"ListItem","position":2,"name":"Evenementen","item":"https:\/\/mdc1060.brussels\/nl\/events\/"},{"@type":"ListItem","position":3,"name":"Sc\u00e8ne ouverte de RAP | INSTINCT | 23 avril 2026"}]},{"@type":"WebSite","@id":"https:\/\/mdc1060.brussels\/nl\/#website","url":"https:\/\/mdc1060.brussels\/nl\/","name":"Maison des Cultures de Saint-Gilles","description":"Concerts, th\u00e9\u00e2tre, danse, cirque, r\u00e9sidences, expos, ateliers, stages...","potentialAction":[{"@type":"SearchAction","target":{"@type":"EntryPoint","urlTemplate":"https:\/\/mdc1060.brussels\/nl\/?s={search_term_string}"},"query-input":{"@type":"PropertyValueSpecification","valueRequired":true,"valueName":"search_term_string"}}],"inLanguage":"nl-NL"}]}},"_links":{"self":[{"href":"https:\/\/mdc1060.brussels\/nl\/wp-json\/wp\/v2\/tribe_events\/16604","targetHints":{"allow":["GET"]}}],"collection":[{"href":"https:\/\/mdc1060.brussels\/nl\/wp-json\/wp\/v2\/tribe_events"}],"about":[{"href":"https:\/\/mdc1060.brussels\/nl\/wp-json\/wp\/v2\/types\/tribe_events"}],"author":[{"embeddable":true,"href":"https:\/\/mdc1060.brussels\/nl\/wp-json\/wp\/v2\/users\/5"}],"version-history":[{"count":3,"href":"https:\/\/mdc1060.brussels\/nl\/wp-json\/wp\/v2\/tribe_events\/16604\/revisions"}],"predecessor-version":[{"id":16766,"href":"https:\/\/mdc1060.brussels\/nl\/wp-json\/wp\/v2\/tribe_events\/16604\/revisions\/16766"}],"wp:featuredmedia":[{"embeddable":true,"href":"https:\/\/mdc1060.brussels\/nl\/wp-json\/wp\/v2\/media\/16608"}],"wp:attachment":[{"href":"https:\/\/mdc1060.brussels\/nl\/wp-json\/wp\/v2\/media?parent=16604"}],"wp:term":[{"taxonomy":"post_tag","embeddable":true,"href":"https:\/\/mdc1060.brussels\/nl\/wp-json\/wp\/v2\/tags?post=16604"},{"taxonomy":"tribe_events_cat","embeddable":true,"href":"https:\/\/mdc1060.brussels\/nl\/wp-json\/wp\/v2\/tribe_events_cat?post=16604"}],"curies":[{"name":"wp","href":"https:\/\/api.w.org\/{rel}","templated":true}]}}